{"id":966,"date":"2023-09-21T12:46:28","date_gmt":"2023-09-21T10:46:28","guid":{"rendered":"https:\/\/ff-nendorf-frestorf.de\/?page_id=966"},"modified":"2025-11-12T20:15:22","modified_gmt":"2025-11-12T19:15:22","slug":"startseite","status":"publish","type":"page","link":"https:\/\/ff-nendorf-frestorf.de\/en\/","title":{"rendered":"Home"},"content":{"rendered":"<div class=\"wp-block-cover alignfull has-custom-content-position is-position-top-center\" style=\"border-width:1rem;border-radius:40px;margin-top:0;margin-bottom:0;padding-top:var(--wp--preset--spacing--60);padding-right:var(--wp--preset--spacing--20);padding-bottom:var(--wp--preset--spacing--60);padding-left:var(--wp--preset--spacing--20);min-height:50px;aspect-ratio:unset;\"><span aria-hidden=\"true\" class=\"wp-block-cover__background has-palette-color-4-background-color has-background-dim-100 has-background-dim\"><\/span><div class=\"wp-block-cover__inner-container is-layout-flow wp-container-core-cover-is-layout-c288db37 wp-block-cover-is-layout-flow\">\n<div class=\"wp-block-media-text alignfull has-media-on-the-right is-stacked-on-mobile is-vertically-aligned-center has-palette-color-8-color has-text-color has-link-color has-x-large-font-size wp-elements-1\" style=\"padding-top:var(--wp--preset--spacing--30);padding-right:var(--wp--preset--spacing--30);padding-bottom:var(--wp--preset--spacing--30);padding-left:var(--wp--preset--spacing--30)\"><div class=\"wp-block-media-text__content\">\n<h4 class=\"wp-block-heading has-palette-color-2-color has-text-color has-large-font-size\" style=\"margin-top:0;margin-bottom:0;font-style:normal;font-weight:600\">volunteer fire brigade<\/h4>\n\n\n\n<h4 class=\"wp-block-heading has-palette-color-8-color has-text-color has-x-large-font-size\" style=\"margin-top:0;margin-bottom:0;padding-top:0;padding-bottom:0;font-style:normal;font-weight:900\">Nendorf-Frestorf<\/h4>\n\n\n\n<h4 class=\"wp-block-heading has-palette-color-2-color has-text-color has-large-font-size\" style=\"margin-top:0;margin-bottom:0;font-style:normal;font-weight:600\">Volunteering at its finest!<\/h4>\n\n\n\n<p class=\"has-palette-color-5-color has-text-color wp-block-paragraph\" style=\"font-size:clamp(14px, 0.875rem + ((1vw - 3.2px) * 0.234), 17px);\">Die St\u00fctzpunktfeuerwehr Nendorf-Frestorf aus dem Landkreis Nienburg \/ Weser hei\u00dft Sie herzlich Willkommen auf ihrer Internetseite. Erfahren Sie mehr \u00fcber uns !<\/p>\n\n\n\n<div class=\"wp-block-buttons is-layout-flex wp-block-buttons-is-layout-flex\">\n<div class=\"wp-block-button is-style-fill\"><a class=\"wp-block-button__link has-palette-color-2-background-color has-background wp-element-button\" href=\"#ueber-uns\">learn more<\/a><\/div>\n<\/div>\n<\/div><figure class=\"wp-block-media-text__media\"><img data-dominant-color=\"4e4451\" data-has-transparency=\"false\" style=\"--dominant-color: #4e4451;\" loading=\"lazy\" decoding=\"async\" width=\"2560\" height=\"1920\" src=\"https:\/\/ff-nendorf-frestorf.de\/wp-content\/uploads\/2024\/01\/stolzenau_14.01.2024_zimmerbrand_5-scaled.webp\" alt=\"Einsatzkr\u00e4fte stehen vor dem Geb\u00e4ude\" class=\"wp-image-2401 size-full not-transparent\" srcset=\"https:\/\/ff-nendorf-frestorf.de\/wp-content\/uploads\/2024\/01\/stolzenau_14.01.2024_zimmerbrand_5-scaled.webp 2560w, https:\/\/ff-nendorf-frestorf.de\/wp-content\/uploads\/2024\/01\/stolzenau_14.01.2024_zimmerbrand_5-300x225.webp 300w, https:\/\/ff-nendorf-frestorf.de\/wp-content\/uploads\/2024\/01\/stolzenau_14.01.2024_zimmerbrand_5-1024x768.webp 1024w, https:\/\/ff-nendorf-frestorf.de\/wp-content\/uploads\/2024\/01\/stolzenau_14.01.2024_zimmerbrand_5-768x576.webp 768w, https:\/\/ff-nendorf-frestorf.de\/wp-content\/uploads\/2024\/01\/stolzenau_14.01.2024_zimmerbrand_5-1536x1152.webp 1536w, https:\/\/ff-nendorf-frestorf.de\/wp-content\/uploads\/2024\/01\/stolzenau_14.01.2024_zimmerbrand_5-2048x1536.webp 2048w, https:\/\/ff-nendorf-frestorf.de\/wp-content\/uploads\/2024\/01\/stolzenau_14.01.2024_zimmerbrand_5-16x12.webp 16w, https:\/\/ff-nendorf-frestorf.de\/wp-content\/uploads\/2024\/01\/stolzenau_14.01.2024_zimmerbrand_5-200x150.webp 200w\" sizes=\"auto, (max-width: 2560px) 100vw, 2560px\" \/><\/figure><\/div>\n<\/div><\/div>\n\n\n\n<div class=\"wp-block-columns is-layout-flex wp-container-core-columns-is-layout-995f960e wp-block-columns-is-layout-flex\" id=\"ueber-uns\">\n<div class=\"wp-block-column is-layout-flow wp-block-column-is-layout-flow\">\n<figure class=\"wp-block-image size-full has-custom-border is-style-default\"><img data-dominant-color=\"f7f5f5\" data-has-transparency=\"false\" loading=\"lazy\" decoding=\"async\" width=\"1920\" height=\"1080\" src=\"https:\/\/ff-nendorf-frestorf.de\/wp-content\/uploads\/2024\/01\/Abteilungen-Teaser-jpg.webp\" alt=\"Teaser Abteilungen\" class=\"wp-image-2680 not-transparent\" style=\"--dominant-color: #f7f5f5; border-radius:10px;aspect-ratio:16\/9;object-fit:cover\" srcset=\"https:\/\/ff-nendorf-frestorf.de\/wp-content\/uploads\/2024\/01\/Abteilungen-Teaser-jpg.webp 1920w, https:\/\/ff-nendorf-frestorf.de\/wp-content\/uploads\/2024\/01\/Abteilungen-Teaser-300x169.webp 300w, https:\/\/ff-nendorf-frestorf.de\/wp-content\/uploads\/2024\/01\/Abteilungen-Teaser-1024x576.webp 1024w, https:\/\/ff-nendorf-frestorf.de\/wp-content\/uploads\/2024\/01\/Abteilungen-Teaser-768x432.webp 768w, https:\/\/ff-nendorf-frestorf.de\/wp-content\/uploads\/2024\/01\/Abteilungen-Teaser-1536x864.webp 1536w, https:\/\/ff-nendorf-frestorf.de\/wp-content\/uploads\/2024\/01\/Abteilungen-Teaser-18x10.webp 18w, https:\/\/ff-nendorf-frestorf.de\/wp-content\/uploads\/2024\/01\/Abteilungen-Teaser-200x113.webp 200w\" sizes=\"auto, (max-width: 1920px) 100vw, 1920px\" \/><\/figure>\n<\/div>\n\n\n\n<div class=\"wp-block-column is-vertically-aligned-stretch is-layout-flow wp-block-column-is-layout-flow\">\n<h3>Departments<\/h3>\n<p>Die Freiwillige Feuerwehr Nendorf-Frestorf besteht aus verschiedenen Abteilungen. Neben dem Kerngesch\u00e4ft einer Feuerwehr, dass durch die Einsatzabteilung abgewickelt wird, gibt es noch weitere Abteilungen, die unsere Feuerwehr erst zu dem machen, was sie ist. Aber verschaffen Sie sich selbst einen \u00dcberblick \u00fcber unsere vielf\u00e4ltig aufgestellten Abteilungen!<\/p>\n\n\n\n<div class=\"wp-block-buttons is-content-justification-left is-layout-flex wp-container-core-buttons-is-layout-7b4500cd wp-block-buttons-is-layout-flex\">\n<div class=\"wp-block-button\"><a class=\"wp-block-button__link wp-element-button\" href=\"https:\/\/ff-nendorf-frestorf.de\/en\/abteilungen\/\">Our departments<\/a><\/div>\n<\/div>\n<\/div>\n<\/div>\n\n\n\n<hr class=\"wp-block-separator has-alpha-channel-opacity is-style-wide\"\/>\n\n\n\n<div class=\"wp-block-columns is-layout-flex wp-container-core-columns-is-layout-995f960e wp-block-columns-is-layout-flex\">\n<div class=\"wp-block-column is-layout-flow wp-block-column-is-layout-flow\">\n<figure class=\"wp-block-image size-full has-custom-border is-style-default\"><img loading=\"lazy\" decoding=\"async\" width=\"1920\" height=\"1080\" src=\"https:\/\/ff-nendorf-frestorf.de\/wp-content\/uploads\/2023\/12\/kommando.png\" alt=\"Teaser Kommando\" class=\"wp-image-2361\" style=\"border-radius:10px;aspect-ratio:16\/9;object-fit:cover\" srcset=\"https:\/\/ff-nendorf-frestorf.de\/wp-content\/uploads\/2023\/12\/kommando.png 1920w, https:\/\/ff-nendorf-frestorf.de\/wp-content\/uploads\/2023\/12\/kommando-300x169.png 300w, https:\/\/ff-nendorf-frestorf.de\/wp-content\/uploads\/2023\/12\/kommando-1024x576.png 1024w, https:\/\/ff-nendorf-frestorf.de\/wp-content\/uploads\/2023\/12\/kommando-768x432.png 768w, https:\/\/ff-nendorf-frestorf.de\/wp-content\/uploads\/2023\/12\/kommando-1536x864.png 1536w, https:\/\/ff-nendorf-frestorf.de\/wp-content\/uploads\/2023\/12\/kommando-18x10.png 18w, https:\/\/ff-nendorf-frestorf.de\/wp-content\/uploads\/2023\/12\/kommando-200x113.png 200w\" sizes=\"auto, (max-width: 1920px) 100vw, 1920px\" \/><\/figure>\n<\/div>\n\n\n\n<div class=\"wp-block-column is-vertically-aligned-stretch is-layout-flow wp-block-column-is-layout-flow\">\n<h3>Kommando<\/h3>\n<p>Das wichtigste in der Feuerwehr sind nat\u00fcrlich die Menschen, die sie lebendig machen. Deshalb m\u00f6chten wir Ihnen gerne das Kommando unser Feuerwehr vorstellen. In diesem gibt es Funktionstr\u00e4ger f\u00fcr die verschiedenen Bereiche. Mit diesen Funktionen geht besondere Verantwortung einher. Aber schauen Sie selbst!<\/p>\n\n\n\n<div class=\"wp-block-buttons is-content-justification-left is-layout-flex wp-container-core-buttons-is-layout-7b4500cd wp-block-buttons-is-layout-flex\">\n<div class=\"wp-block-button\"><a class=\"wp-block-button__link wp-element-button\" href=\"https:\/\/ff-nendorf-frestorf.de\/en\/ueber-uns\/kommando\/\">Unser Kommando<\/a><\/div>\n<\/div>\n<\/div>\n<\/div>\n\n\n\n<hr class=\"wp-block-separator has-alpha-channel-opacity is-style-wide\"\/>\n\n\n\n<div class=\"wp-block-columns is-layout-flex wp-container-core-columns-is-layout-995f960e wp-block-columns-is-layout-flex\">\n<div class=\"wp-block-column is-layout-flow wp-block-column-is-layout-flow\">\n<figure class=\"wp-block-image size-full has-custom-border is-style-default\"><img loading=\"lazy\" decoding=\"async\" width=\"1920\" height=\"1080\" src=\"https:\/\/ff-nendorf-frestorf.de\/wp-content\/uploads\/2023\/12\/fahrzeuge.png\" alt=\"Teaser Fahrzeuge\" class=\"wp-image-2360\" style=\"border-radius:10px;aspect-ratio:16\/9;object-fit:cover\" srcset=\"https:\/\/ff-nendorf-frestorf.de\/wp-content\/uploads\/2023\/12\/fahrzeuge.png 1920w, https:\/\/ff-nendorf-frestorf.de\/wp-content\/uploads\/2023\/12\/fahrzeuge-300x169.png 300w, https:\/\/ff-nendorf-frestorf.de\/wp-content\/uploads\/2023\/12\/fahrzeuge-1024x576.png 1024w, https:\/\/ff-nendorf-frestorf.de\/wp-content\/uploads\/2023\/12\/fahrzeuge-768x432.png 768w, https:\/\/ff-nendorf-frestorf.de\/wp-content\/uploads\/2023\/12\/fahrzeuge-1536x864.png 1536w, https:\/\/ff-nendorf-frestorf.de\/wp-content\/uploads\/2023\/12\/fahrzeuge-18x10.png 18w, https:\/\/ff-nendorf-frestorf.de\/wp-content\/uploads\/2023\/12\/fahrzeuge-200x113.png 200w\" sizes=\"auto, (max-width: 1920px) 100vw, 1920px\" \/><\/figure>\n<\/div>\n\n\n\n<div class=\"wp-block-column is-vertically-aligned-stretch is-layout-flow wp-block-column-is-layout-flow\">\n<h3>Vehicles<\/h3>\n<p>Zu einer leistungsf\u00e4higen Feuerwehr geh\u00f6rt nat\u00fcrlich auch ein umfangreicher Fuhrpark. Diesen wollen wir Ihnen gerne vorstellen.<\/p>\n\n\n\n<div class=\"wp-block-buttons is-content-justification-left is-layout-flex wp-container-core-buttons-is-layout-7b4500cd wp-block-buttons-is-layout-flex\">\n<div class=\"wp-block-button\"><a class=\"wp-block-button__link wp-element-button\" href=\"https:\/\/ff-nendorf-frestorf.de\/en\/ueber-uns\/fahrzeuge\/\">Vehicles<\/a><\/div>\n<\/div>\n<\/div>\n<\/div>\n\n\n\n<hr class=\"wp-block-separator has-alpha-channel-opacity is-style-wide\"\/>\n\n\n<div style=\"border-radius:0px;border-style:none;border-width:0px\" class=\"wp-block-blocksy-query\" data-id=\"923fc7c7\"><div class=\"ct-posts-block\" data-prefix=\"blog\"><div class=\"entries\" data-archive=\"default\" data-layout=\"grid\" data-cards=\"boxed\" data-hover=\"zoom-in\"><article class=\"entry-card card-content post-964 post type-post status-publish format-standard has-post-thumbnail hentry category-news tag-news\" data-reveal=\"bottom:no\"><ul class=\"entry-meta\" data-type=\"simple:slash\" data-id=\"MumX7h\" ><li class=\"meta-categories\" data-type=\"pill\"><a href=\"https:\/\/ff-nendorf-frestorf.de\/en\/thema\/news\/\" rel=\"tag\" class=\"ct-term-114\">News<\/a><\/li><\/ul><h2 class=\"entry-title\"><a href=\"https:\/\/ff-nendorf-frestorf.de\/en\/willkommen\/\" rel=\"bookmark\">Willkommen auf unser neuen Webseite!<\/a><\/h2><a class=\"ct-media-container has-hover-effect\" href=\"https:\/\/ff-nendorf-frestorf.de\/en\/willkommen\/\" aria-label=\"Willkommen auf unser neuen Webseite!\"><img decoding=\"async\" width=\"500\" height=\"500\" src=\"https:\/\/ff-nendorf-frestorf.de\/wp-content\/uploads\/2023\/12\/Logo_FFW_Nendorf_Frestorf.png\" class=\"attachment-medium_large size-medium_large wp-post-image\" alt=\"Logo der Freiwilligen Feuerwehr Nendorf-Frestorf\" loading=\"lazy\" srcset=\"https:\/\/ff-nendorf-frestorf.de\/wp-content\/uploads\/2023\/12\/Logo_FFW_Nendorf_Frestorf.png 500w, https:\/\/ff-nendorf-frestorf.de\/wp-content\/uploads\/2023\/12\/Logo_FFW_Nendorf_Frestorf-300x300.png 300w, https:\/\/ff-nendorf-frestorf.de\/wp-content\/uploads\/2023\/12\/Logo_FFW_Nendorf_Frestorf-150x150.png 150w, https:\/\/ff-nendorf-frestorf.de\/wp-content\/uploads\/2023\/12\/Logo_FFW_Nendorf_Frestorf-12x12.png 12w, https:\/\/ff-nendorf-frestorf.de\/wp-content\/uploads\/2023\/12\/Logo_FFW_Nendorf_Frestorf-200x200.png 200w\" sizes=\"auto, (max-width: 500px) 100vw, 500px\" itemprop=\"image\" style=\"aspect-ratio: 16\/9;\" \/><\/a><div class=\"entry-excerpt\"><p>Explore our new website starting now ...<\/p>\n<\/div><a class=\"entry-button wp-element-button ct-button-ghost\" href=\"https:\/\/ff-nendorf-frestorf.de\/en\/willkommen\/\">Continue reading<svg width=\"17px\" height=\"17px\" viewbox=\"0 0 32 32\" fill=\"currentColor\"><path d=\"M 21.1875 9.28125 L 19.78125 10.71875 L 24.0625 15 L 4 15 L 4 17 L 24.0625 17 L 19.78125 21.28125 L 21.1875 22.71875 L 27.90625 16 Z \"><\/path><\/svg><span class=\"screen-reader-text\">Willkommen auf unser neuen Webseite!<\/span><\/a><ul class=\"entry-meta\" data-type=\"simple:slash\" data-id=\"YrQnfe\" ><li class=\"meta-date\" itemprop=\"datePublished\"><time class=\"ct-meta-element-date\" datetime=\"2026-01-09T21:38:24+01:00\">01\/09\/2026<\/time><\/li><li class=\"meta-author\" itemprop=\"author\" itemscope=\"\" itemtype=\"https:\/\/schema.org\/Person\"><a class=\"ct-meta-element-author\" href=\"https:\/\/ff-nendorf-frestorf.de\/en\/author\/n-luekens\/\" title=\"Posts by Niklas L\u00fckens\" rel=\"author\" itemprop=\"url\"><span itemprop=\"name\">Niklas L\u00fckens<\/span><\/a><\/li><\/ul><\/article><article class=\"entry-card card-content post-3078 einsatz type-einsatz status-publish has-post-thumbnail hentry category-einsatz tag-v einsatzart-sonstige fahrzeug-mtf fahrzeug-mtw fahrzeug-tlf-3000 exteinsatzmittel-feuerwehr-hibben exteinsatzmittel-feuerwehr-huddestorf exteinsatzmittel-feuerwehr-muesleringen-diethe exteinsatzmittel-polizei exteinsatzmittel-rettungsdienst alarmierungsart-geplanter-einsatz evw_unit-alarmgruppe-alle\" data-reveal=\"bottom:no\"><ul class=\"entry-meta\" data-type=\"simple:slash\" data-id=\"MumX7h\" ><li class=\"meta-categories\" data-type=\"pill\"><a href=\"https:\/\/ff-nendorf-frestorf.de\/en\/thema\/v\/\" rel=\"tag\" class=\"ct-term-53\">Veranstaltung<\/a><\/li><\/ul><h2 class=\"entry-title\"><a href=\"https:\/\/ff-nendorf-frestorf.de\/en\/einsatzberichte\/verkehrsabsicherung-des-nendorfer-ernteumzuges\/\" rel=\"bookmark\">Verkehrsabsicherung des Nendorfer Ernteumzuges<\/a><\/h2><a class=\"ct-media-container has-hover-effect\" href=\"https:\/\/ff-nendorf-frestorf.de\/en\/einsatzberichte\/verkehrsabsicherung-des-nendorfer-ernteumzuges\/\" aria-label=\"Verkehrsabsicherung des Nendorfer Ernteumzuges\"><img decoding=\"async\" width=\"768\" height=\"432\" src=\"https:\/\/ff-nendorf-frestorf.de\/wp-content\/uploads\/2024\/12\/Erntefest-2024-2-768x432.webp\" class=\"attachment-medium_large size-medium_large not-transparent wp-post-image\" alt=\"Abschluss des Ernteumzuges am Sportplatz - Erntefest Nendorf 2024\" loading=\"lazy\" srcset=\"https:\/\/ff-nendorf-frestorf.de\/wp-content\/uploads\/2024\/12\/Erntefest-2024-2-768x432.webp 768w, https:\/\/ff-nendorf-frestorf.de\/wp-content\/uploads\/2024\/12\/Erntefest-2024-2-300x169.webp 300w, https:\/\/ff-nendorf-frestorf.de\/wp-content\/uploads\/2024\/12\/Erntefest-2024-2-1024x576.webp 1024w, https:\/\/ff-nendorf-frestorf.de\/wp-content\/uploads\/2024\/12\/Erntefest-2024-2-1536x865.webp 1536w, https:\/\/ff-nendorf-frestorf.de\/wp-content\/uploads\/2024\/12\/Erntefest-2024-2-18x10.webp 18w, https:\/\/ff-nendorf-frestorf.de\/wp-content\/uploads\/2024\/12\/Erntefest-2024-2-200x113.webp 200w, https:\/\/ff-nendorf-frestorf.de\/wp-content\/uploads\/2024\/12\/Erntefest-2024-2.webp 1572w\" sizes=\"auto, (max-width: 768px) 100vw, 768px\" data-has-transparency=\"false\" data-dominant-color=\"747c4c\" itemprop=\"image\" style=\"aspect-ratio: 16\/9;\" \/><\/a><div class=\"entry-excerpt\"><p>Am vergangenen Sonntag fand erneut der Nendorfer Ernteumzug statt dieser wurde von unseren Kameraden der Ortswehr begleitet. Vielen Dank auch an dieser stelle an die Kameraden der Nachbarwehren aus Hibben, M\u00fcsleringen-Diethe und Huddestorf welche f\u00fcr uns die angrenzenden Stra\u00dfen absicherten.\u2026<\/p>\n<\/div><a class=\"entry-button wp-element-button ct-button-ghost\" href=\"https:\/\/ff-nendorf-frestorf.de\/en\/einsatzberichte\/verkehrsabsicherung-des-nendorfer-ernteumzuges\/\">Continue reading<svg width=\"17px\" height=\"17px\" viewbox=\"0 0 32 32\" fill=\"currentColor\"><path d=\"M 21.1875 9.28125 L 19.78125 10.71875 L 24.0625 15 L 4 15 L 4 17 L 24.0625 17 L 19.78125 21.28125 L 21.1875 22.71875 L 27.90625 16 Z \"><\/path><\/svg><span class=\"screen-reader-text\">Verkehrsabsicherung des Nendorfer Ernteumzuges<\/span><\/a><ul class=\"entry-meta\" data-type=\"simple:slash\" data-id=\"YrQnfe\" ><li class=\"meta-date\" itemprop=\"datePublished\"><time class=\"ct-meta-element-date\" datetime=\"2024-09-15T11:00:00+02:00\">09\/15\/2024<\/time><\/li><li class=\"meta-author\" itemprop=\"author\" itemscope=\"\" itemtype=\"https:\/\/schema.org\/Person\"><a class=\"ct-meta-element-author\" href=\"https:\/\/ff-nendorf-frestorf.de\/en\/author\/mm\/\" title=\"Posts by Marian Mues\" rel=\"author\" itemprop=\"url\"><span itemprop=\"name\">Marian Mues<\/span><\/a><\/li><\/ul><\/article><\/div><\/div><\/div>\n\n\n<hr class=\"wp-block-separator has-alpha-channel-opacity is-style-wide\"\/>\n\n\n\n<h4 class=\"wp-block-heading\" id=\"letzten-einsaetze\">Latest incidents<\/h4>\n\n\n<table class=\"einsatzverwaltung-reportlist\"><tbody><tr class=\"einsatz-title-month\"><td colspan=\"8\">September<\/td><\/tr><tr class=\"einsatz-header\"><th style=\"white-space: nowrap;\">Number<\/th><th style=\"white-space: nowrap;\">Date<\/th><th style=\"white-space: nowrap;\">Duration<\/th><th style=\"\">Incident Category<\/th><th style=\"\">Icident Report<\/th><th style=\"\">Location<\/th><th style=\"\"><\/th><th style=\"\"><\/th><\/tr><tr class=\"report\"><td class=\"smallscreen\" colspan=\"8\" data-permalink=\"https:\/\/ff-nendorf-frestorf.de\/en\/einsatzberichte\/verkehrsabsicherung-des-nendorfer-ernteumzuges\/\"><div class=\"annotation-icon-bar\"><i class=\"fa-solid fa-camera\" aria-hidden=\"true\" title=\"Report contains pictures\" style=\"\"><\/i><i class=\"fa-solid fa-star\" aria-hidden=\"true\" title=\"Besonderer Einsatz\" style=\"\"><\/i><\/div><span class=\"einsatz-number\"><strong>Number:<\/strong> <a href=\"https:\/\/ff-nendorf-frestorf.de\/en\/einsatzberichte\/verkehrsabsicherung-des-nendorfer-ernteumzuges\/\" rel=\"bookmark\">27\/2024<\/a><\/span><br><span class=\"einsatz-datetime\"><strong>Date:<\/strong> 15.09.2024 11:00<\/span><br><span class=\"einsatz-duration\"><strong>Duration:<\/strong> 4 h<\/span><br><span class=\"einsatz-incidentType\"><strong>Incident Category:<\/strong> Sonstige Eins\u00e4tze<\/span><br><span class=\"einsatz-title\"><strong>Einsatzmeldung:<\/strong> <a href=\"https:\/\/ff-nendorf-frestorf.de\/en\/einsatzberichte\/verkehrsabsicherung-des-nendorfer-ernteumzuges\/\" rel=\"bookmark\">Verkehrsabsicherung des Nendorfer Ernteumzuges<\/a><\/span><br><span class=\"einsatz-location\"><strong>Location:<\/strong> Nendorf<\/span><br><\/td><td class=\"einsatz-column-number\"><a href=\"https:\/\/ff-nendorf-frestorf.de\/en\/einsatzberichte\/verkehrsabsicherung-des-nendorfer-ernteumzuges\/\" rel=\"bookmark\">27\/2024<\/a><\/td><td class=\"einsatz-column-datetime\">15.09.2024 11:00<\/td><td class=\"einsatz-column-duration\">4 h<\/td><td class=\"einsatz-column-incidentType\">Sonstige Eins\u00e4tze<\/td><td class=\"einsatz-column-title\"><a href=\"https:\/\/ff-nendorf-frestorf.de\/en\/einsatzberichte\/verkehrsabsicherung-des-nendorfer-ernteumzuges\/\" rel=\"bookmark\">Verkehrsabsicherung des Nendorfer Ernteumzuges<\/a><\/td><td class=\"einsatz-column-location\">Nendorf<\/td><td class=\"einsatz-column-annotationImages\"><i class=\"fa-solid fa-camera\" aria-hidden=\"true\" title=\"Report contains pictures\" style=\"\"><\/i><\/td><td class=\"einsatz-column-annotationSpecial\"><i class=\"fa-solid fa-star\" aria-hidden=\"true\" title=\"Besonderer Einsatz\" style=\"\"><\/i><\/td><\/tr><tr class=\"zebracorrection\"><td colspan=\"8\">&nbsp;<\/td><\/tr><tr class=\"einsatz-title-month\"><td colspan=\"8\">June<\/td><\/tr><tr class=\"einsatz-header\"><th style=\"white-space: nowrap;\">Number<\/th><th style=\"white-space: nowrap;\">Date<\/th><th style=\"white-space: nowrap;\">Duration<\/th><th style=\"\">Incident Category<\/th><th style=\"\">Icident Report<\/th><th style=\"\">Location<\/th><th style=\"\"><\/th><th style=\"\"><\/th><\/tr><tr class=\"report\"><td class=\"smallscreen\" colspan=\"8\" data-permalink=\"https:\/\/ff-nendorf-frestorf.de\/en\/einsatzberichte\/feuer-landwirtschaftliches-anwesen-mittel-3\/\"><div class=\"annotation-icon-bar\"><i class=\"fa-solid fa-camera\" aria-hidden=\"true\" title=\"Report contains pictures\" style=\"\"><\/i><i class=\"fa-solid fa-star\" aria-hidden=\"true\" title=\"Kein besonderer Einsatz\" style=\"color: #bbb;\"><\/i><\/div><span class=\"einsatz-number\"><strong>Number:<\/strong> <a href=\"https:\/\/ff-nendorf-frestorf.de\/en\/einsatzberichte\/feuer-landwirtschaftliches-anwesen-mittel-3\/\" rel=\"bookmark\">23\/2024<\/a><\/span><br><span class=\"einsatz-datetime\"><strong>Date:<\/strong> 12.06.2024 17:47<\/span><br><span class=\"einsatz-duration\"><strong>Duration:<\/strong> 1 h<\/span><br><span class=\"einsatz-incidentType\"><strong>Incident Category:<\/strong> Fire<\/span><br><span class=\"einsatz-title\"><strong>Einsatzmeldung:<\/strong> <a href=\"https:\/\/ff-nendorf-frestorf.de\/en\/einsatzberichte\/feuer-landwirtschaftliches-anwesen-mittel-3\/\" rel=\"bookmark\">Feuer Landwirtschaftliches Anwesen mittel<\/a><\/span><br><span class=\"einsatz-location\"><strong>Location:<\/strong> Hibben<\/span><br><\/td><td class=\"einsatz-column-number\"><a href=\"https:\/\/ff-nendorf-frestorf.de\/en\/einsatzberichte\/feuer-landwirtschaftliches-anwesen-mittel-3\/\" rel=\"bookmark\">23\/2024<\/a><\/td><td class=\"einsatz-column-datetime\">12.06.2024 17:47<\/td><td class=\"einsatz-column-duration\">1 h<\/td><td class=\"einsatz-column-incidentType\">Fire<\/td><td class=\"einsatz-column-title\"><a href=\"https:\/\/ff-nendorf-frestorf.de\/en\/einsatzberichte\/feuer-landwirtschaftliches-anwesen-mittel-3\/\" rel=\"bookmark\">Feuer Landwirtschaftliches Anwesen mittel<\/a><\/td><td class=\"einsatz-column-location\">Hibben<\/td><td class=\"einsatz-column-annotationImages\"><i class=\"fa-solid fa-camera\" aria-hidden=\"true\" title=\"Report contains pictures\" style=\"\"><\/i><\/td><td class=\"einsatz-column-annotationSpecial\"><i class=\"fa-solid fa-star\" aria-hidden=\"true\" title=\"Kein besonderer Einsatz\" style=\"color: #bbb;\"><\/i><\/td><\/tr><tr class=\"zebracorrection\"><td colspan=\"8\">&nbsp;<\/td><\/tr><tr class=\"einsatz-title-month\"><td colspan=\"8\">May<\/td><\/tr><tr class=\"einsatz-header\"><th style=\"white-space: nowrap;\">Number<\/th><th style=\"white-space: nowrap;\">Date<\/th><th style=\"white-space: nowrap;\">Duration<\/th><th style=\"\">Incident Category<\/th><th style=\"\">Icident Report<\/th><th style=\"\">Location<\/th><th style=\"\"><\/th><th style=\"\"><\/th><\/tr><tr class=\"report\"><td class=\"smallscreen\" colspan=\"8\" data-permalink=\"https:\/\/ff-nendorf-frestorf.de\/en\/einsatzberichte\/gebaudebrand-mittel-mit-dlk-amp-menschenleben-in-gefahr\/\"><div class=\"annotation-icon-bar\"><i class=\"fa-solid fa-camera\" aria-hidden=\"true\" title=\"Report does not contain pictures\" style=\"color: #bbb;\"><\/i><i class=\"fa-solid fa-star\" aria-hidden=\"true\" title=\"Kein besonderer Einsatz\" style=\"color: #bbb;\"><\/i><\/div><span class=\"einsatz-number\"><strong>Number:<\/strong> <a href=\"https:\/\/ff-nendorf-frestorf.de\/en\/einsatzberichte\/gebaudebrand-mittel-mit-dlk-amp-menschenleben-in-gefahr\/\" rel=\"bookmark\">19\/2024<\/a><\/span><br><span class=\"einsatz-datetime\"><strong>Date:<\/strong> 06.05.2024 21:49<\/span><br><span class=\"einsatz-duration\"><strong>Duration:<\/strong> 3 h 11 min<\/span><br><span class=\"einsatz-incidentType\"><strong>Incident Category:<\/strong> Incident command unit<\/span><br><span class=\"einsatz-title\"><strong>Einsatzmeldung:<\/strong> <a href=\"https:\/\/ff-nendorf-frestorf.de\/en\/einsatzberichte\/gebaudebrand-mittel-mit-dlk-amp-menschenleben-in-gefahr\/\" rel=\"bookmark\">Geb\u00e4udebrand Mittel mit Menschenleben in Gefahr<\/a><\/span><br><span class=\"einsatz-location\"><strong>Location:<\/strong> Schinna<\/span><br><\/td><td class=\"einsatz-column-number\"><a href=\"https:\/\/ff-nendorf-frestorf.de\/en\/einsatzberichte\/gebaudebrand-mittel-mit-dlk-amp-menschenleben-in-gefahr\/\" rel=\"bookmark\">19\/2024<\/a><\/td><td class=\"einsatz-column-datetime\">06.05.2024 21:49<\/td><td class=\"einsatz-column-duration\">3 h 11 min<\/td><td class=\"einsatz-column-incidentType\">Incident command unit<\/td><td class=\"einsatz-column-title\"><a href=\"https:\/\/ff-nendorf-frestorf.de\/en\/einsatzberichte\/gebaudebrand-mittel-mit-dlk-amp-menschenleben-in-gefahr\/\" rel=\"bookmark\">Geb\u00e4udebrand Mittel mit Menschenleben in Gefahr<\/a><\/td><td class=\"einsatz-column-location\">Schinna<\/td><td class=\"einsatz-column-annotationImages\"><i class=\"fa-solid fa-camera\" aria-hidden=\"true\" title=\"Report does not contain pictures\" style=\"color: #bbb;\"><\/i><\/td><td class=\"einsatz-column-annotationSpecial\"><i class=\"fa-solid fa-star\" aria-hidden=\"true\" title=\"Kein besonderer Einsatz\" style=\"color: #bbb;\"><\/i><\/td><\/tr><tr class=\"zebracorrection\"><td colspan=\"8\">&nbsp;<\/td><\/tr><tr class=\"einsatz-title-month\"><td colspan=\"8\">April<\/td><\/tr><tr class=\"einsatz-header\"><th style=\"white-space: nowrap;\">Number<\/th><th style=\"white-space: nowrap;\">Date<\/th><th style=\"white-space: nowrap;\">Duration<\/th><th style=\"\">Incident Category<\/th><th style=\"\">Icident Report<\/th><th style=\"\">Location<\/th><th style=\"\"><\/th><th style=\"\"><\/th><\/tr><tr class=\"report\"><td class=\"smallscreen\" colspan=\"8\" data-permalink=\"https:\/\/ff-nendorf-frestorf.de\/en\/einsatzberichte\/industriebrand-mittel\/\"><div class=\"annotation-icon-bar\"><i class=\"fa-solid fa-camera\" aria-hidden=\"true\" title=\"Report does not contain pictures\" style=\"color: #bbb;\"><\/i><i class=\"fa-solid fa-star\" aria-hidden=\"true\" title=\"Kein besonderer Einsatz\" style=\"color: #bbb;\"><\/i><\/div><span class=\"einsatz-number\"><strong>Number:<\/strong> <a href=\"https:\/\/ff-nendorf-frestorf.de\/en\/einsatzberichte\/industriebrand-mittel\/\" rel=\"bookmark\">18\/2024<\/a><\/span><br><span class=\"einsatz-datetime\"><strong>Date:<\/strong> 30.04.2024 11:07<\/span><br><span class=\"einsatz-duration\"><strong>Duration:<\/strong> 10 min<\/span><br><span class=\"einsatz-incidentType\"><strong>Incident Category:<\/strong> Fire<\/span><br><span class=\"einsatz-title\"><strong>Einsatzmeldung:<\/strong> <a href=\"https:\/\/ff-nendorf-frestorf.de\/en\/einsatzberichte\/industriebrand-mittel\/\" rel=\"bookmark\">Industriebrand Mittel<\/a><\/span><br><span class=\"einsatz-location\"><strong>Location:<\/strong> Stolzenau<\/span><br><\/td><td class=\"einsatz-column-number\"><a href=\"https:\/\/ff-nendorf-frestorf.de\/en\/einsatzberichte\/industriebrand-mittel\/\" rel=\"bookmark\">18\/2024<\/a><\/td><td class=\"einsatz-column-datetime\">30.04.2024 11:07<\/td><td class=\"einsatz-column-duration\">10 min<\/td><td class=\"einsatz-column-incidentType\">Fire<\/td><td class=\"einsatz-column-title\"><a href=\"https:\/\/ff-nendorf-frestorf.de\/en\/einsatzberichte\/industriebrand-mittel\/\" rel=\"bookmark\">Industriebrand Mittel<\/a><\/td><td class=\"einsatz-column-location\">Stolzenau<\/td><td class=\"einsatz-column-annotationImages\"><i class=\"fa-solid fa-camera\" aria-hidden=\"true\" title=\"Report does not contain pictures\" style=\"color: #bbb;\"><\/i><\/td><td class=\"einsatz-column-annotationSpecial\"><i class=\"fa-solid fa-star\" aria-hidden=\"true\" title=\"Kein besonderer Einsatz\" style=\"color: #bbb;\"><\/i><\/td><\/tr><tr class=\"report\"><td class=\"smallscreen\" colspan=\"8\" data-permalink=\"https:\/\/ff-nendorf-frestorf.de\/en\/einsatzberichte\/vegetationsbrand\/\"><div class=\"annotation-icon-bar\"><i class=\"fa-solid fa-camera\" aria-hidden=\"true\" title=\"Report does not contain pictures\" style=\"color: #bbb;\"><\/i><i class=\"fa-solid fa-star\" aria-hidden=\"true\" title=\"Kein besonderer Einsatz\" style=\"color: #bbb;\"><\/i><\/div><span class=\"einsatz-number\"><strong>Number:<\/strong> <a href=\"https:\/\/ff-nendorf-frestorf.de\/en\/einsatzberichte\/vegetationsbrand\/\" rel=\"bookmark\">17\/2024<\/a><\/span><br><span class=\"einsatz-datetime\"><strong>Date:<\/strong> 16.04.2024 20:35<\/span><br><span class=\"einsatz-duration\"><strong>Duration:<\/strong> 30 min<\/span><br><span class=\"einsatz-incidentType\"><strong>Incident Category:<\/strong> Fire<\/span><br><span class=\"einsatz-title\"><strong>Einsatzmeldung:<\/strong> <a href=\"https:\/\/ff-nendorf-frestorf.de\/en\/einsatzberichte\/vegetationsbrand\/\" rel=\"bookmark\">Vegetationsbrand<\/a><\/span><br><span class=\"einsatz-location\"><strong>Location:<\/strong> Diethe<\/span><br><\/td><td class=\"einsatz-column-number\"><a href=\"https:\/\/ff-nendorf-frestorf.de\/en\/einsatzberichte\/vegetationsbrand\/\" rel=\"bookmark\">17\/2024<\/a><\/td><td class=\"einsatz-column-datetime\">16.04.2024 20:35<\/td><td class=\"einsatz-column-duration\">30 min<\/td><td class=\"einsatz-column-incidentType\">Fire<\/td><td class=\"einsatz-column-title\"><a href=\"https:\/\/ff-nendorf-frestorf.de\/en\/einsatzberichte\/vegetationsbrand\/\" rel=\"bookmark\">Vegetationsbrand<\/a><\/td><td class=\"einsatz-column-location\">Diethe<\/td><td class=\"einsatz-column-annotationImages\"><i class=\"fa-solid fa-camera\" aria-hidden=\"true\" title=\"Report does not contain pictures\" style=\"color: #bbb;\"><\/i><\/td><td class=\"einsatz-column-annotationSpecial\"><i class=\"fa-solid fa-star\" aria-hidden=\"true\" title=\"Kein besonderer Einsatz\" style=\"color: #bbb;\"><\/i><\/td><\/tr><tr class=\"report\"><td class=\"smallscreen\" colspan=\"8\" data-permalink=\"https:\/\/ff-nendorf-frestorf.de\/en\/einsatzberichte\/tueroeffnung-2\/\"><div class=\"annotation-icon-bar\"><i class=\"fa-solid fa-camera\" aria-hidden=\"true\" title=\"Report does not contain pictures\" style=\"color: #bbb;\"><\/i><i class=\"fa-solid fa-star\" aria-hidden=\"true\" title=\"Kein besonderer Einsatz\" style=\"color: #bbb;\"><\/i><\/div><span class=\"einsatz-number\"><strong>Number:<\/strong> <a href=\"https:\/\/ff-nendorf-frestorf.de\/en\/einsatzberichte\/tueroeffnung-2\/\" rel=\"bookmark\">16\/2024<\/a><\/span><br><span class=\"einsatz-datetime\"><strong>Date:<\/strong> 10.04.2024 13:58<\/span><br><span class=\"einsatz-duration\"><strong>Duration:<\/strong> 20 min<\/span><br><span class=\"einsatz-incidentType\"><strong>Incident Category:<\/strong> Technical help<\/span><br><span class=\"einsatz-title\"><strong>Einsatzmeldung:<\/strong> <a href=\"https:\/\/ff-nendorf-frestorf.de\/en\/einsatzberichte\/tueroeffnung-2\/\" rel=\"bookmark\">T\u00fcr\u00f6ffnung<\/a><\/span><br><span class=\"einsatz-location\"><strong>Location:<\/strong> Nendorf<\/span><br><\/td><td class=\"einsatz-column-number\"><a href=\"https:\/\/ff-nendorf-frestorf.de\/en\/einsatzberichte\/tueroeffnung-2\/\" rel=\"bookmark\">16\/2024<\/a><\/td><td class=\"einsatz-column-datetime\">10.04.2024 13:58<\/td><td class=\"einsatz-column-duration\">20 min<\/td><td class=\"einsatz-column-incidentType\">Technical help<\/td><td class=\"einsatz-column-title\"><a href=\"https:\/\/ff-nendorf-frestorf.de\/en\/einsatzberichte\/tueroeffnung-2\/\" rel=\"bookmark\">T\u00fcr\u00f6ffnung<\/a><\/td><td class=\"einsatz-column-location\">Nendorf<\/td><td class=\"einsatz-column-annotationImages\"><i class=\"fa-solid fa-camera\" aria-hidden=\"true\" title=\"Report does not contain pictures\" style=\"color: #bbb;\"><\/i><\/td><td class=\"einsatz-column-annotationSpecial\"><i class=\"fa-solid fa-star\" aria-hidden=\"true\" title=\"Kein besonderer Einsatz\" style=\"color: #bbb;\"><\/i><\/td><\/tr><\/tbody><\/table>\n\n\n\n<div class=\"wp-block-buttons is-content-justification-left is-layout-flex wp-container-core-buttons-is-layout-7b4500cd wp-block-buttons-is-layout-flex\">\n<div class=\"wp-block-button\"><a class=\"wp-block-button__link wp-element-button\" href=\"\/en\/einsatzberichte\/\">View all incidents<\/a><\/div>\n<\/div>\n\n\n\n<hr class=\"wp-block-separator has-alpha-channel-opacity is-style-wide\"\/>\n\n\n\n<h4 class=\"wp-block-heading\" id=\"besondere-einsaetze\">Unusual calls from the last few years:<\/h4>\n\n\n<p>Some incidents over the last years were not the usual business. We would like to introduce them to you.<\/p>\n\n<table class=\"einsatzverwaltung-reportlist\"><tbody><tr class=\"einsatz-header\"><th style=\"white-space: nowrap;\">Number<\/th><th style=\"white-space: nowrap;\">Date<\/th><th style=\"white-space: nowrap;\">Duration<\/th><th style=\"\">Incident Category<\/th><th style=\"\">Icident Report<\/th><th style=\"\">Location<\/th><th style=\"\"><\/th><th style=\"\"><\/th><\/tr><tr class=\"zebracorrection\"><td colspan=\"8\">&nbsp;<\/td><\/tr><tr class=\"report\"><td class=\"smallscreen\" colspan=\"8\" data-permalink=\"https:\/\/ff-nendorf-frestorf.de\/en\/einsatzberichte\/verkehrsabsicherung-des-nendorfer-ernteumzuges\/\"><div class=\"annotation-icon-bar\"><i class=\"fa-solid fa-camera\" aria-hidden=\"true\" title=\"Report contains pictures\" style=\"\"><\/i><i class=\"fa-solid fa-star\" aria-hidden=\"true\" title=\"Besonderer Einsatz\" style=\"\"><\/i><\/div><span class=\"einsatz-number\"><strong>Number:<\/strong> <a href=\"https:\/\/ff-nendorf-frestorf.de\/en\/einsatzberichte\/verkehrsabsicherung-des-nendorfer-ernteumzuges\/\" rel=\"bookmark\">27\/2024<\/a><\/span><br><span class=\"einsatz-datetime\"><strong>Date:<\/strong> 15.09.2024 11:00<\/span><br><span class=\"einsatz-duration\"><strong>Duration:<\/strong> 4 h<\/span><br><span class=\"einsatz-incidentType\"><strong>Incident Category:<\/strong> Sonstige Eins\u00e4tze<\/span><br><span class=\"einsatz-title\"><strong>Einsatzmeldung:<\/strong> <a href=\"https:\/\/ff-nendorf-frestorf.de\/en\/einsatzberichte\/verkehrsabsicherung-des-nendorfer-ernteumzuges\/\" rel=\"bookmark\">Verkehrsabsicherung des Nendorfer Ernteumzuges<\/a><\/span><br><span class=\"einsatz-location\"><strong>Location:<\/strong> Nendorf<\/span><br><\/td><td class=\"einsatz-column-number\"><a href=\"https:\/\/ff-nendorf-frestorf.de\/en\/einsatzberichte\/verkehrsabsicherung-des-nendorfer-ernteumzuges\/\" rel=\"bookmark\">27\/2024<\/a><\/td><td class=\"einsatz-column-datetime\">15.09.2024 11:00<\/td><td class=\"einsatz-column-duration\">4 h<\/td><td class=\"einsatz-column-incidentType\">Sonstige Eins\u00e4tze<\/td><td class=\"einsatz-column-title\"><a href=\"https:\/\/ff-nendorf-frestorf.de\/en\/einsatzberichte\/verkehrsabsicherung-des-nendorfer-ernteumzuges\/\" rel=\"bookmark\">Verkehrsabsicherung des Nendorfer Ernteumzuges<\/a><\/td><td class=\"einsatz-column-location\">Nendorf<\/td><td class=\"einsatz-column-annotationImages\"><i class=\"fa-solid fa-camera\" aria-hidden=\"true\" title=\"Report contains pictures\" style=\"\"><\/i><\/td><td class=\"einsatz-column-annotationSpecial\"><i class=\"fa-solid fa-star\" aria-hidden=\"true\" title=\"Besonderer Einsatz\" style=\"\"><\/i><\/td><\/tr><tr class=\"report\"><td class=\"smallscreen\" colspan=\"8\" data-permalink=\"https:\/\/ff-nendorf-frestorf.de\/en\/einsatzberichte\/osterfeuer-2024\/\"><div class=\"annotation-icon-bar\"><i class=\"fa-solid fa-camera\" aria-hidden=\"true\" title=\"Report contains pictures\" style=\"\"><\/i><i class=\"fa-solid fa-star\" aria-hidden=\"true\" title=\"Besonderer Einsatz\" style=\"\"><\/i><\/div><span class=\"einsatz-number\"><strong>Number:<\/strong> <a href=\"https:\/\/ff-nendorf-frestorf.de\/en\/einsatzberichte\/osterfeuer-2024\/\" rel=\"bookmark\">15\/2024<\/a><\/span><br><span class=\"einsatz-datetime\"><strong>Date:<\/strong> 28.03.2024 18:00<\/span><br><span class=\"einsatz-duration\"><strong>Duration:<\/strong> 9 h<\/span><br><span class=\"einsatz-incidentType\"><strong>Incident Category:<\/strong> Sonstige Eins\u00e4tze<\/span><br><span class=\"einsatz-title\"><strong>Einsatzmeldung:<\/strong> <a href=\"https:\/\/ff-nendorf-frestorf.de\/en\/einsatzberichte\/osterfeuer-2024\/\" rel=\"bookmark\">Osterfeuer 2024<\/a><\/span><br><span class=\"einsatz-location\"><strong>Location:<\/strong> Nendorf<\/span><br><\/td><td class=\"einsatz-column-number\"><a href=\"https:\/\/ff-nendorf-frestorf.de\/en\/einsatzberichte\/osterfeuer-2024\/\" rel=\"bookmark\">15\/2024<\/a><\/td><td class=\"einsatz-column-datetime\">28.03.2024 18:00<\/td><td class=\"einsatz-column-duration\">9 h<\/td><td class=\"einsatz-column-incidentType\">Sonstige Eins\u00e4tze<\/td><td class=\"einsatz-column-title\"><a href=\"https:\/\/ff-nendorf-frestorf.de\/en\/einsatzberichte\/osterfeuer-2024\/\" rel=\"bookmark\">Osterfeuer 2024<\/a><\/td><td class=\"einsatz-column-location\">Nendorf<\/td><td class=\"einsatz-column-annotationImages\"><i class=\"fa-solid fa-camera\" aria-hidden=\"true\" title=\"Report contains pictures\" style=\"\"><\/i><\/td><td class=\"einsatz-column-annotationSpecial\"><i class=\"fa-solid fa-star\" aria-hidden=\"true\" title=\"Besonderer Einsatz\" style=\"\"><\/i><\/td><\/tr><tr class=\"report\"><td class=\"smallscreen\" colspan=\"8\" data-permalink=\"https:\/\/ff-nendorf-frestorf.de\/en\/einsatzberichte\/industriebrand-mittel-2\/\"><div class=\"annotation-icon-bar\"><i class=\"fa-solid fa-camera\" aria-hidden=\"true\" title=\"Report contains pictures\" style=\"\"><\/i><i class=\"fa-solid fa-star\" aria-hidden=\"true\" title=\"Besonderer Einsatz\" style=\"\"><\/i><\/div><span class=\"einsatz-number\"><strong>Number:<\/strong> <a href=\"https:\/\/ff-nendorf-frestorf.de\/en\/einsatzberichte\/industriebrand-mittel-2\/\" rel=\"bookmark\">07\/2024<\/a><\/span><br><span class=\"einsatz-datetime\"><strong>Date:<\/strong> 09.01.2024 08:36<\/span><br><span class=\"einsatz-duration\"><strong>Duration:<\/strong> 0 min<\/span><br><span class=\"einsatz-incidentType\"><strong>Incident Category:<\/strong> Fire<\/span><br><span class=\"einsatz-title\"><strong>Einsatzmeldung:<\/strong> <a href=\"https:\/\/ff-nendorf-frestorf.de\/en\/einsatzberichte\/industriebrand-mittel-2\/\" rel=\"bookmark\">Industriebrand Mittel<\/a><\/span><br><span class=\"einsatz-location\"><strong>Location:<\/strong> Nendorf<\/span><br><\/td><td class=\"einsatz-column-number\"><a href=\"https:\/\/ff-nendorf-frestorf.de\/en\/einsatzberichte\/industriebrand-mittel-2\/\" rel=\"bookmark\">07\/2024<\/a><\/td><td class=\"einsatz-column-datetime\">09.01.2024 08:36<\/td><td class=\"einsatz-column-duration\">0 min<\/td><td class=\"einsatz-column-incidentType\">Fire<\/td><td class=\"einsatz-column-title\"><a href=\"https:\/\/ff-nendorf-frestorf.de\/en\/einsatzberichte\/industriebrand-mittel-2\/\" rel=\"bookmark\">Industriebrand Mittel<\/a><\/td><td class=\"einsatz-column-location\">Nendorf<\/td><td class=\"einsatz-column-annotationImages\"><i class=\"fa-solid fa-camera\" aria-hidden=\"true\" title=\"Report contains pictures\" style=\"\"><\/i><\/td><td class=\"einsatz-column-annotationSpecial\"><i class=\"fa-solid fa-star\" aria-hidden=\"true\" title=\"Besonderer Einsatz\" style=\"\"><\/i><\/td><\/tr><\/tbody><\/table>\n\n\n\n<div class=\"wp-block-buttons is-content-justification-left is-layout-flex wp-container-core-buttons-is-layout-7b4500cd wp-block-buttons-is-layout-flex\">\n<div class=\"wp-block-button\"><a class=\"wp-block-button__link wp-element-button\" href=\"https:\/\/ff-nendorf-frestorf.de\/en\/einsaetze\/besondere-einsaetze\/\">View all special incidents<\/a><\/div>\n<\/div>","protected":false},"excerpt":{"rendered":"<p>Abteilungen Die Freiwillige Feuerwehr Nendorf-Frestorf besteht aus verschiedenen Abteilungen. Neben dem Kerngesch\u00e4ft einer Feuerwehr, dass durch die Einsatzabteilung abgewickelt wird, gibt es noch weitere Abteilungen, die unsere Feuerwehr erst zu dem machen, was sie ist. Aber verschaffen Sie sich selbst einen \u00dcberblick \u00fcber unsere vielf\u00e4ltig aufgestellten Abteilungen! Kommando Das wichtigste in der Feuerwehr sind nat\u00fcrlich [&hellip;]<\/p>\n","protected":false},"author":2,"featured_media":0,"parent":0,"menu_order":1,"comment_status":"closed","ping_status":"closed","template":"","meta":{"footnotes":""},"class_list":["post-966","page","type-page","status-publish","hentry"],"blocksy_meta":{"has_hero_section":"disabled","styles_descriptor":{"styles":{"desktop":"","tablet":"","mobile":""},"google_fonts":[],"version":6}},"aioseo_notices":[],"mb":[],"mfb_rest_fields":["title","blocksy_meta","aioseo_notices"],"_links":{"self":[{"href":"https:\/\/ff-nendorf-frestorf.de\/en\/wp-json\/wp\/v2\/pages\/966","targetHints":{"allow":["GET"]}}],"collection":[{"href":"https:\/\/ff-nendorf-frestorf.de\/en\/wp-json\/wp\/v2\/pages"}],"about":[{"href":"https:\/\/ff-nendorf-frestorf.de\/en\/wp-json\/wp\/v2\/types\/page"}],"author":[{"embeddable":true,"href":"https:\/\/ff-nendorf-frestorf.de\/en\/wp-json\/wp\/v2\/users\/2"}],"replies":[{"embeddable":true,"href":"https:\/\/ff-nendorf-frestorf.de\/en\/wp-json\/wp\/v2\/comments?post=966"}],"version-history":[{"count":94,"href":"https:\/\/ff-nendorf-frestorf.de\/en\/wp-json\/wp\/v2\/pages\/966\/revisions"}],"predecessor-version":[{"id":3370,"href":"https:\/\/ff-nendorf-frestorf.de\/en\/wp-json\/wp\/v2\/pages\/966\/revisions\/3370"}],"wp:attachment":[{"href":"https:\/\/ff-nendorf-frestorf.de\/en\/wp-json\/wp\/v2\/media?parent=966"}],"curies":[{"name":"wp","href":"https:\/\/api.w.org\/{rel}","templated":true}]}}