{"id":1229,"date":"2023-10-15T19:24:11","date_gmt":"2023-10-15T17:24:11","guid":{"rendered":"https:\/\/ff-nendorf-frestorf.de\/?page_id=1229"},"modified":"2024-12-30T22:46:20","modified_gmt":"2024-12-30T20:46:20","slug":"fahrzeuge","status":"publish","type":"page","link":"https:\/\/ff-nendorf-frestorf.de\/en\/ueber-uns\/fahrzeuge\/","title":{"rendered":"Vehicles"},"content":{"rendered":"<h2 class=\"wp-block-heading\">Vehicles<\/h2>\n\n\n<p>Die Freiwillige Feuerwehr Nendorf-Frestorf verf\u00fcgt \u00fcber verschiedene Fahrzeuge, um ihre gesetzlichen Aufgaben zu erf\u00fcllen. Durch unseren Status als St\u00fctzpunktfeuerwehr in der Samtgemeinde Mittelweser halten wir Fahrzeuge und Material f\u00fcr technisch aufwendige Eins\u00e4tze bereit.<\/p>\n<p>Die Fahrzeuge werden ebenfalls genutzt, um freiwillige Aufgaben aller Abteilungen zu erf\u00fcllen. Dazu geh\u00f6rt die Nachwuchsf\u00f6rderung durch die Jugendfeuerwehr, die Altersabteilung, die Kinderfeuerwehr oder auch Feste und Ausfl\u00fcge der Einsatzabteilung.<\/p>\n<p>Diese Fahrzeuge m\u00f6chten wir Ihnen im Folgenden detaillierter vorstellen:<\/p>\n\n\n<hr class=\"wp-block-separator has-alpha-channel-opacity is-style-wide\"\/>\n\n\n\n<div class=\"wp-block-group is-layout-flow wp-container-core-group-is-layout-3d973447 wp-block-group-is-layout-flow\" style=\"min-height:500px;padding-top:20px;padding-right:20px;padding-bottom:20px;padding-left:20px\">\n<div class=\"wp-block-columns is-layout-flex wp-container-core-columns-is-layout-995f960e wp-block-columns-is-layout-flex\">\n<div class=\"wp-block-column is-layout-flow wp-block-column-is-layout-flow\" style=\"flex-basis:100%\">\n<div class=\"wp-block-query is-layout-flow wp-block-query-is-layout-flow\"><ul class=\"columns-2 wp-block-post-template is-layout-grid wp-container-core-post-template-is-layout-df59ff93 wp-block-post-template-is-layout-grid\"><li class=\"wp-block-post post-3250 fahrzeuge type-fahrzeuge status-publish format-standard has-post-thumbnail hentry\">\n<h2 style=\"margin-bottom:0;margin-top:0;margin-left:var(--wp--preset--spacing--20)\" class=\"has-text-align-left wp-block-post-title\"><a href=\"https:\/\/ff-nendorf-frestorf.de\/en\/ueber-uns\/fahrzeuge\/hlf10\/\" target=\"_self\" >HLF10<\/a><\/h2>\n\n<div style=\"font-style:normal;font-weight:600;line-height:1;margin-top:0;margin-bottom:var(--wp--preset--spacing--20);margin-left:var(--wp--preset--spacing--30)\" class=\"is-dynamic-field wp-block-mfb-meta-field-block has-text-color has-palette-color-1-color has-medium-font-size\"><div class=\"value\">Flo. Ni. 24\/46-15<\/div><\/div>\n\n<figure class=\"wp-block-post-featured-image\"><a href=\"https:\/\/ff-nendorf-frestorf.de\/en\/ueber-uns\/fahrzeuge\/hlf10\/\" target=\"_self\" ><img loading=\"lazy\" decoding=\"async\" width=\"960\" height=\"540\" src=\"https:\/\/ff-nendorf-frestorf.de\/wp-content\/uploads\/2024\/09\/Drescher-19.07.2024-jpg.webp\" class=\"has-border-color not-transparent wp-post-image\" alt=\"HLF10\" style=\"--dominant-color: #9e8f7a;border-color:var(--theme-palette-color-1, #fa2828);border-radius:10px;border-width:3px;aspect-ratio:16\/9;width:100%;object-fit:cover;\" srcset=\"https:\/\/ff-nendorf-frestorf.de\/wp-content\/uploads\/2024\/09\/Drescher-19.07.2024-jpg.webp 960w, https:\/\/ff-nendorf-frestorf.de\/wp-content\/uploads\/2024\/09\/Drescher-19.07.2024-300x169.webp 300w, https:\/\/ff-nendorf-frestorf.de\/wp-content\/uploads\/2024\/09\/Drescher-19.07.2024-768x432.webp 768w, https:\/\/ff-nendorf-frestorf.de\/wp-content\/uploads\/2024\/09\/Drescher-19.07.2024-18x10.webp 18w, https:\/\/ff-nendorf-frestorf.de\/wp-content\/uploads\/2024\/09\/Drescher-19.07.2024-200x113.webp 200w\" sizes=\"auto, (max-width: 960px) 100vw, 960px\" data-has-transparency=\"false\" data-dominant-color=\"9e8f7a\" \/><\/a><\/figure>\n\n\n<div style=\"height:20px\" aria-hidden=\"true\" class=\"wp-block-spacer\"><\/div>\n\n<\/li><li class=\"wp-block-post post-3296 fahrzeuge type-fahrzeuge status-publish format-standard has-post-thumbnail hentry\">\n<h2 style=\"margin-bottom:0;margin-top:0;margin-left:var(--wp--preset--spacing--20)\" class=\"has-text-align-left wp-block-post-title\"><a href=\"https:\/\/ff-nendorf-frestorf.de\/en\/ueber-uns\/fahrzeuge\/tlf-3000\/\" target=\"_self\" >TLF 3000<\/a><\/h2>\n\n<div style=\"font-style:normal;font-weight:600;line-height:1;margin-top:0;margin-bottom:var(--wp--preset--spacing--20);margin-left:var(--wp--preset--spacing--30)\" class=\"is-dynamic-field wp-block-mfb-meta-field-block has-text-color has-palette-color-1-color has-medium-font-size\"><div class=\"value\">Flo. Ni. 24\/23-15<\/div><\/div>\n\n<figure class=\"wp-block-post-featured-image\"><a href=\"https:\/\/ff-nendorf-frestorf.de\/en\/ueber-uns\/fahrzeuge\/tlf-3000\/\" target=\"_self\" ><img loading=\"lazy\" decoding=\"async\" width=\"2000\" height=\"1500\" src=\"https:\/\/ff-nendorf-frestorf.de\/wp-content\/uploads\/2024\/03\/nendorf_20240109_spaenebunker_1-jpg.webp\" class=\"has-border-color not-transparent wp-post-image\" alt=\"TLF 3000\" style=\"--dominant-color: #657c91;border-color:var(--theme-palette-color-1, #fa2828);border-radius:10px;border-width:3px;aspect-ratio:16\/9;width:100%;object-fit:cover;\" srcset=\"https:\/\/ff-nendorf-frestorf.de\/wp-content\/uploads\/2024\/03\/nendorf_20240109_spaenebunker_1-jpg.webp 2000w, https:\/\/ff-nendorf-frestorf.de\/wp-content\/uploads\/2024\/03\/nendorf_20240109_spaenebunker_1-300x225.webp 300w, https:\/\/ff-nendorf-frestorf.de\/wp-content\/uploads\/2024\/03\/nendorf_20240109_spaenebunker_1-1024x768.webp 1024w, https:\/\/ff-nendorf-frestorf.de\/wp-content\/uploads\/2024\/03\/nendorf_20240109_spaenebunker_1-768x576.webp 768w, https:\/\/ff-nendorf-frestorf.de\/wp-content\/uploads\/2024\/03\/nendorf_20240109_spaenebunker_1-1536x1152.webp 1536w, https:\/\/ff-nendorf-frestorf.de\/wp-content\/uploads\/2024\/03\/nendorf_20240109_spaenebunker_1-16x12.webp 16w, https:\/\/ff-nendorf-frestorf.de\/wp-content\/uploads\/2024\/03\/nendorf_20240109_spaenebunker_1-200x150.webp 200w\" sizes=\"auto, (max-width: 2000px) 100vw, 2000px\" data-has-transparency=\"false\" data-dominant-color=\"657c91\" \/><\/a><\/figure>\n\n\n<div style=\"height:20px\" aria-hidden=\"true\" class=\"wp-block-spacer\"><\/div>\n\n<\/li><li class=\"wp-block-post post-3300 fahrzeuge type-fahrzeuge status-publish format-standard has-post-thumbnail hentry\">\n<h2 style=\"margin-bottom:0;margin-top:0;margin-left:var(--wp--preset--spacing--20)\" class=\"has-text-align-left wp-block-post-title\"><a href=\"https:\/\/ff-nendorf-frestorf.de\/en\/ueber-uns\/fahrzeuge\/mtw\/\" target=\"_self\" >MTW<\/a><\/h2>\n\n<div style=\"font-style:normal;font-weight:600;line-height:1;margin-top:0;margin-bottom:var(--wp--preset--spacing--20);margin-left:var(--wp--preset--spacing--30)\" class=\"is-dynamic-field wp-block-mfb-meta-field-block has-text-color has-palette-color-1-color has-medium-font-size\"><div class=\"value\">Flo. Ni. 24\/17-15<\/div><\/div>\n\n<figure class=\"wp-block-post-featured-image\"><a href=\"https:\/\/ff-nendorf-frestorf.de\/en\/ueber-uns\/fahrzeuge\/mtw\/\" target=\"_self\" ><img loading=\"lazy\" decoding=\"async\" width=\"2560\" height=\"1920\" src=\"https:\/\/ff-nendorf-frestorf.de\/wp-content\/uploads\/2024\/01\/stolzenau_14.01.2024_zimmerbrand_5-scaled.webp\" class=\"has-border-color not-transparent wp-post-image\" alt=\"MTW\" style=\"--dominant-color: #4e4451;border-color:var(--theme-palette-color-1, #fa2828);border-radius:10px;border-width:3px;aspect-ratio:16\/9;width:100%;object-fit:cover;\" srcset=\"https:\/\/ff-nendorf-frestorf.de\/wp-content\/uploads\/2024\/01\/stolzenau_14.01.2024_zimmerbrand_5-scaled.webp 2560w, https:\/\/ff-nendorf-frestorf.de\/wp-content\/uploads\/2024\/01\/stolzenau_14.01.2024_zimmerbrand_5-300x225.webp 300w, https:\/\/ff-nendorf-frestorf.de\/wp-content\/uploads\/2024\/01\/stolzenau_14.01.2024_zimmerbrand_5-1024x768.webp 1024w, https:\/\/ff-nendorf-frestorf.de\/wp-content\/uploads\/2024\/01\/stolzenau_14.01.2024_zimmerbrand_5-768x576.webp 768w, https:\/\/ff-nendorf-frestorf.de\/wp-content\/uploads\/2024\/01\/stolzenau_14.01.2024_zimmerbrand_5-1536x1152.webp 1536w, https:\/\/ff-nendorf-frestorf.de\/wp-content\/uploads\/2024\/01\/stolzenau_14.01.2024_zimmerbrand_5-2048x1536.webp 2048w, https:\/\/ff-nendorf-frestorf.de\/wp-content\/uploads\/2024\/01\/stolzenau_14.01.2024_zimmerbrand_5-16x12.webp 16w, https:\/\/ff-nendorf-frestorf.de\/wp-content\/uploads\/2024\/01\/stolzenau_14.01.2024_zimmerbrand_5-200x150.webp 200w\" sizes=\"auto, (max-width: 2560px) 100vw, 2560px\" data-has-transparency=\"false\" data-dominant-color=\"4e4451\" \/><\/a><\/figure>\n\n\n<div style=\"height:20px\" aria-hidden=\"true\" class=\"wp-block-spacer\"><\/div>\n\n<\/li><li class=\"wp-block-post post-3302 fahrzeuge type-fahrzeuge status-publish format-standard has-post-thumbnail hentry\">\n<h2 style=\"margin-bottom:0;margin-top:0;margin-left:var(--wp--preset--spacing--20)\" class=\"has-text-align-left wp-block-post-title\"><a href=\"https:\/\/ff-nendorf-frestorf.de\/en\/ueber-uns\/fahrzeuge\/mtw-2\/\" target=\"_self\" >MTW 2<\/a><\/h2>\n\n<div style=\"font-style:normal;font-weight:600;line-height:1;margin-top:0;margin-bottom:var(--wp--preset--spacing--20);margin-left:var(--wp--preset--spacing--30)\" class=\"is-dynamic-field wp-block-mfb-meta-field-block has-text-color has-palette-color-1-color has-medium-font-size\"><div class=\"value\">Flo. Ni. 24\/19-15<\/div><\/div>\n\n<figure class=\"wp-block-post-featured-image\"><a href=\"https:\/\/ff-nendorf-frestorf.de\/en\/ueber-uns\/fahrzeuge\/mtw-2\/\" target=\"_self\" ><img loading=\"lazy\" decoding=\"async\" width=\"2451\" height=\"2560\" src=\"https:\/\/ff-nendorf-frestorf.de\/wp-content\/uploads\/2024\/03\/leese_20240104_kellerbrand_2-scaled.webp\" class=\"has-border-color not-transparent wp-post-image\" alt=\"MTW 2\" style=\"--dominant-color: #504a45;border-color:var(--theme-palette-color-1, #fa2828);border-radius:10px;border-width:3px;aspect-ratio:16\/9;width:100%;object-fit:cover;\" srcset=\"https:\/\/ff-nendorf-frestorf.de\/wp-content\/uploads\/2024\/03\/leese_20240104_kellerbrand_2-scaled.webp 2451w, https:\/\/ff-nendorf-frestorf.de\/wp-content\/uploads\/2024\/03\/leese_20240104_kellerbrand_2-287x300.webp 287w, https:\/\/ff-nendorf-frestorf.de\/wp-content\/uploads\/2024\/03\/leese_20240104_kellerbrand_2-980x1024.webp 980w, https:\/\/ff-nendorf-frestorf.de\/wp-content\/uploads\/2024\/03\/leese_20240104_kellerbrand_2-768x802.webp 768w, https:\/\/ff-nendorf-frestorf.de\/wp-content\/uploads\/2024\/03\/leese_20240104_kellerbrand_2-1470x1536.webp 1470w, https:\/\/ff-nendorf-frestorf.de\/wp-content\/uploads\/2024\/03\/leese_20240104_kellerbrand_2-1961x2048.webp 1961w, https:\/\/ff-nendorf-frestorf.de\/wp-content\/uploads\/2024\/03\/leese_20240104_kellerbrand_2-11x12.webp 11w, https:\/\/ff-nendorf-frestorf.de\/wp-content\/uploads\/2024\/03\/leese_20240104_kellerbrand_2-200x209.webp 200w\" sizes=\"auto, (max-width: 2451px) 100vw, 2451px\" data-has-transparency=\"false\" data-dominant-color=\"504a45\" \/><\/a><\/figure>\n\n\n<div style=\"height:20px\" aria-hidden=\"true\" class=\"wp-block-spacer\"><\/div>\n\n<\/li><li class=\"wp-block-post post-3353 fahrzeuge type-fahrzeuge status-publish format-standard has-post-thumbnail hentry\">\n<h2 style=\"margin-bottom:0;margin-top:0;margin-left:var(--wp--preset--spacing--20)\" class=\"has-text-align-left wp-block-post-title\"><a href=\"https:\/\/ff-nendorf-frestorf.de\/en\/ueber-uns\/fahrzeuge\/elw-1\/\" target=\"_self\" >ELW 1<\/a><\/h2>\n\n<div style=\"font-style:normal;font-weight:600;line-height:1;margin-top:0;margin-bottom:var(--wp--preset--spacing--20);margin-left:var(--wp--preset--spacing--30)\" class=\"is-dynamic-field wp-block-mfb-meta-field-block has-text-color has-palette-color-1-color has-medium-font-size\"><div class=\"value\">Flo. Ni. 24\/11-20<\/div><\/div>\n\n<figure class=\"wp-block-post-featured-image\"><a href=\"https:\/\/ff-nendorf-frestorf.de\/en\/ueber-uns\/fahrzeuge\/elw-1\/\" target=\"_self\" ><img loading=\"lazy\" decoding=\"async\" width=\"2560\" height=\"1506\" src=\"https:\/\/ff-nendorf-frestorf.de\/wp-content\/uploads\/2024\/12\/stolzenau_20241007_fzgbrand_2-scaled.webp\" class=\"has-border-color not-transparent wp-post-image\" alt=\"ELW 1\" style=\"--dominant-color: #6e6e6e;border-color:var(--theme-palette-color-1, #fa2828);border-radius:10px;border-width:3px;aspect-ratio:16\/9;width:100%;object-fit:cover;\" srcset=\"https:\/\/ff-nendorf-frestorf.de\/wp-content\/uploads\/2024\/12\/stolzenau_20241007_fzgbrand_2-scaled.webp 2560w, https:\/\/ff-nendorf-frestorf.de\/wp-content\/uploads\/2024\/12\/stolzenau_20241007_fzgbrand_2-300x177.webp 300w, https:\/\/ff-nendorf-frestorf.de\/wp-content\/uploads\/2024\/12\/stolzenau_20241007_fzgbrand_2-1024x603.webp 1024w, https:\/\/ff-nendorf-frestorf.de\/wp-content\/uploads\/2024\/12\/stolzenau_20241007_fzgbrand_2-768x452.webp 768w, https:\/\/ff-nendorf-frestorf.de\/wp-content\/uploads\/2024\/12\/stolzenau_20241007_fzgbrand_2-1536x904.webp 1536w, https:\/\/ff-nendorf-frestorf.de\/wp-content\/uploads\/2024\/12\/stolzenau_20241007_fzgbrand_2-2048x1205.webp 2048w, https:\/\/ff-nendorf-frestorf.de\/wp-content\/uploads\/2024\/12\/stolzenau_20241007_fzgbrand_2-18x12.webp 18w, https:\/\/ff-nendorf-frestorf.de\/wp-content\/uploads\/2024\/12\/stolzenau_20241007_fzgbrand_2-200x118.webp 200w\" sizes=\"auto, (max-width: 2560px) 100vw, 2560px\" data-has-transparency=\"false\" data-dominant-color=\"6e6e6e\" \/><\/a><\/figure>\n\n\n<div style=\"height:20px\" aria-hidden=\"true\" class=\"wp-block-spacer\"><\/div>\n\n<\/li><li class=\"wp-block-post post-3380 fahrzeuge type-fahrzeuge status-publish format-standard has-post-thumbnail hentry\">\n<h2 style=\"margin-bottom:0;margin-top:0;margin-left:var(--wp--preset--spacing--20)\" class=\"has-text-align-left wp-block-post-title\"><a href=\"https:\/\/ff-nendorf-frestorf.de\/en\/ueber-uns\/fahrzeuge\/anhaenger\/\" target=\"_self\" >Anh\u00e4nger<\/a><\/h2>\n\n<div style=\"font-style:normal;font-weight:600;line-height:1;margin-top:0;margin-bottom:var(--wp--preset--spacing--20);margin-left:var(--wp--preset--spacing--30)\" class=\"is-dynamic-field wp-block-mfb-meta-field-block has-text-color has-palette-color-1-color has-medium-font-size\"><div class=\"value\">&#8211;<\/div><\/div>\n\n<figure class=\"wp-block-post-featured-image\"><a href=\"https:\/\/ff-nendorf-frestorf.de\/en\/ueber-uns\/fahrzeuge\/anhaenger\/\" target=\"_self\" ><img loading=\"lazy\" decoding=\"async\" width=\"2560\" height=\"1635\" src=\"https:\/\/ff-nendorf-frestorf.de\/wp-content\/uploads\/2024\/07\/TH-VU-Rauher-Busch-B61-scaled.webp\" class=\"has-border-color not-transparent wp-post-image\" alt=\"Anh\u00e4nger\" style=\"--dominant-color: #616d6a;border-color:var(--theme-palette-color-1, #fa2828);border-radius:10px;border-width:3px;aspect-ratio:16\/9;width:100%;object-fit:cover;\" srcset=\"https:\/\/ff-nendorf-frestorf.de\/wp-content\/uploads\/2024\/07\/TH-VU-Rauher-Busch-B61-scaled.webp 2560w, https:\/\/ff-nendorf-frestorf.de\/wp-content\/uploads\/2024\/07\/TH-VU-Rauher-Busch-B61-300x192.webp 300w, https:\/\/ff-nendorf-frestorf.de\/wp-content\/uploads\/2024\/07\/TH-VU-Rauher-Busch-B61-1024x654.webp 1024w, https:\/\/ff-nendorf-frestorf.de\/wp-content\/uploads\/2024\/07\/TH-VU-Rauher-Busch-B61-768x491.webp 768w, https:\/\/ff-nendorf-frestorf.de\/wp-content\/uploads\/2024\/07\/TH-VU-Rauher-Busch-B61-1536x981.webp 1536w, https:\/\/ff-nendorf-frestorf.de\/wp-content\/uploads\/2024\/07\/TH-VU-Rauher-Busch-B61-2048x1308.webp 2048w, https:\/\/ff-nendorf-frestorf.de\/wp-content\/uploads\/2024\/07\/TH-VU-Rauher-Busch-B61-18x12.webp 18w, https:\/\/ff-nendorf-frestorf.de\/wp-content\/uploads\/2024\/07\/TH-VU-Rauher-Busch-B61-200x128.webp 200w\" sizes=\"auto, (max-width: 2560px) 100vw, 2560px\" data-has-transparency=\"false\" data-dominant-color=\"616d6a\" \/><\/a><\/figure>\n\n\n<div style=\"height:20px\" aria-hidden=\"true\" class=\"wp-block-spacer\"><\/div>\n\n<\/li><\/ul><\/div>\n<\/div>\n<\/div>\n<\/div>\n\n\n\n<p class=\"wp-block-paragraph\"><\/p>","protected":false},"excerpt":{"rendered":"<p>Unsere Fahrzeuge Die Freiwillige Feuerwehr Nendorf-Frestorf verf\u00fcgt \u00fcber verschiedene Fahrzeuge, um ihre gesetzlichen Aufgaben zu erf\u00fcllen. Durch unseren Status als St\u00fctzpunktfeuerwehr in der Samtgemeinde Mittelweser halten wir Fahrzeuge und Material f\u00fcr technisch aufwendige Eins\u00e4tze bereit. Die Fahrzeuge werden ebenfalls genutzt, um freiwillige Aufgaben aller Abteilungen zu erf\u00fcllen. Dazu geh\u00f6rt die Nachwuchsf\u00f6rderung durch die Jugendfeuerwehr, die [&hellip;]<\/p>\n","protected":false},"author":2,"featured_media":0,"parent":1227,"menu_order":0,"comment_status":"closed","ping_status":"closed","template":"","meta":{"footnotes":""},"class_list":["post-1229","page","type-page","status-publish","hentry"],"blocksy_meta":[],"aioseo_notices":[],"mb":[],"mfb_rest_fields":["title","blocksy_meta","aioseo_notices"],"_links":{"self":[{"href":"https:\/\/ff-nendorf-frestorf.de\/en\/wp-json\/wp\/v2\/pages\/1229","targetHints":{"allow":["GET"]}}],"collection":[{"href":"https:\/\/ff-nendorf-frestorf.de\/en\/wp-json\/wp\/v2\/pages"}],"about":[{"href":"https:\/\/ff-nendorf-frestorf.de\/en\/wp-json\/wp\/v2\/types\/page"}],"author":[{"embeddable":true,"href":"https:\/\/ff-nendorf-frestorf.de\/en\/wp-json\/wp\/v2\/users\/2"}],"replies":[{"embeddable":true,"href":"https:\/\/ff-nendorf-frestorf.de\/en\/wp-json\/wp\/v2\/comments?post=1229"}],"version-history":[{"count":33,"href":"https:\/\/ff-nendorf-frestorf.de\/en\/wp-json\/wp\/v2\/pages\/1229\/revisions"}],"predecessor-version":[{"id":3311,"href":"https:\/\/ff-nendorf-frestorf.de\/en\/wp-json\/wp\/v2\/pages\/1229\/revisions\/3311"}],"up":[{"embeddable":true,"href":"https:\/\/ff-nendorf-frestorf.de\/en\/wp-json\/wp\/v2\/pages\/1227"}],"wp:attachment":[{"href":"https:\/\/ff-nendorf-frestorf.de\/en\/wp-json\/wp\/v2\/media?parent=1229"}],"curies":[{"name":"wp","href":"https:\/\/api.w.org\/{rel}","templated":true}]}}