{"id":3078,"date":"2024-09-15T11:00:00","date_gmt":"2024-09-15T09:00:00","guid":{"rendered":"https:\/\/ff-nendorf-frestorf.de\/?post_type=einsatz&#038;p=3078"},"modified":"2024-12-30T01:45:24","modified_gmt":"2024-12-29T23:45:24","slug":"verkehrsabsicherung-des-nendorfer-ernteumzuges","status":"publish","type":"einsatz","link":"https:\/\/ff-nendorf-frestorf.de\/en\/einsatzberichte\/verkehrsabsicherung-des-nendorfer-ernteumzuges\/","title":{"rendered":"Verkehrsabsicherung des Nendorfer Ernteumzuges"},"content":{"rendered":"<p class=\"wp-block-paragraph\">Am vergangenen Sonntag fand erneut der Nendorfer Ernteumzug statt dieser wurde von unseren Kameraden der Ortswehr begleitet. Vielen Dank auch an dieser stelle an die Kameraden der Nachbarwehren aus Hibben, M\u00fcsleringen-Diethe und Huddestorf welche f\u00fcr uns die angrenzenden Stra\u00dfen absicherten.<\/p>\n\n\n\n<hr class=\"wp-block-separator has-alpha-channel-opacity is-style-wide\"\/>\n\n\n\n<h3 class=\"wp-block-heading\">Erntefest mit gro\u00dfem Erntewagenkorso in Nendorf<\/h3>\n\n\n\n<p class=\"wp-block-paragraph\"><strong>Es waren 19 Wagen und eine Fu\u00dfgruppe die am Sonntag durch Nendorf zogen. Angef\u00fchrt wurde der Umzug durch die Feuerwehrf\u00fchrung der Feuerwehr Nendorf Frestorf, bestehend aus J\u00f6rn Wortmann, Patrick Windler und Andre Koppelmann.<\/strong><\/p>\n\n\n\n<p class=\"wp-block-paragraph\">Es folgt, der Wagen mit der Erntek\u00f6nigin Merle Klanke, Merle ist durch den Ausfall des Erntefestes im Jahr 2000 (Corona) seit 8 Jahren die Majest\u00e4t in und um Nendorf.<\/p>\n\n\n\n<p class=\"wp-block-paragraph\">Nach dem Feuerwehrmusikzug Nendorf Uchte, folgt die Abordnung aus Stolzenaus Patengemeinde Luzino als Fu\u00dfgruppe. Begleitet wurden diese von Samtgemeindeb\u00fcrgermeister Jens Beckmeyer, Stolzenaus B\u00fcrgermeister Heinrich Kruse und seinem Stellvertreter Maurice Kruse.<\/p>\n\n\n\n<p class=\"wp-block-paragraph\">Das gute Wetter und die mit Spannung erwarteten Erntewagen lockten zahlreiche Zuschauer an die Stra\u00dfen in Nendorf.<\/p>\n\n\n\n<p class=\"wp-block-paragraph\">Den Zuschauern und den Umzugsteilnehmern wurden dann die sch\u00f6nen Wagen der einzelnen Ortsteile pr\u00e4sentiert.<\/p>\n\n\n\n<p class=\"wp-block-paragraph\">Die Themen bezogen sich auf das Leben auf dem Dorf, die Wassermassen um die Jahreswende, den Radwegausbau und dem Erntedank.<\/p>\n\n\n\n<p class=\"wp-block-paragraph\">Die Gruppen hatten ihre Wagen mit sehr viel Aufwand und Liebe zum Detail gestaltet. Getreide, Mais, Feldfr\u00fcchte und jede Menge frischer Blumen zierten die Wagen und zeugten von hunderten von Stunden, die aufgewendet wurden die einzelnen Erntewagen so besonders zu machen.<a href=\"https:\/\/www.sg-mittelweser.de\/medien\/bilder\/bild1.jpg?20240918135730\"><\/a><\/p>\n\n\n\n<p class=\"wp-block-paragraph\">Die Feuerwehr Nendorf Frestorf als Ausrichter des Ernteumzuges konnte bei den Besuchen der einzelnen Baugruppen in den verschiedenen Ortsteilen feststellen, dass den Wagenbauern auch das Zusammenkommen mit den Nachbarn aus den Altersklassen von 1 bis 80 Jahren viel Freude bereitete.<\/p>\n\n\n\n<p class=\"wp-block-paragraph\">Die wenigsten waren schon in den Jahren von 1960 bis 1969 zur Bl\u00fctezeit der Ernteumz\u00fcge in Nendorf dabei.<\/p>\n\n\n\n<p class=\"wp-block-paragraph\">Dennoch waren die Erntewagen im September 2024 genauso sch\u00f6n anzusehen wie damals.<\/p>\n\n\n\n<p class=\"wp-block-paragraph\">Der Ernteumzug startete in der Horst und zog dann \u00fcber die Hauptstra\u00dfe auf die Steyerberger Stra\u00dfe. An den Stra\u00dfen entlang standen zahlreiche Zuschauer. Einige hatten es sich mit Pavillons und Bestuhlung gem\u00fctlich gemacht.<\/p>\n\n\n\n<p class=\"wp-block-paragraph\">Zum Teil wurde der Ernteumzug mit Transparenten und Blumengestecken begr\u00fc\u00dft.<\/p>\n\n\n\n<p class=\"wp-block-paragraph\">Um 15 Uhr fuhr der Korso dann auf den Sportplatz zur finalen Aufstellung.<\/p>\n\n\n\n<p class=\"wp-block-paragraph\">Dort wurden die Erntewagen schon von hunderten Besuchern erwartet. Diese hatten es sich zum Teil schon bei Kaffee und Kuchen gut gehen lassen.&nbsp;<\/p>\n\n\n\n<p class=\"wp-block-paragraph\">Der Ortsbrandmeister J\u00f6rn Wortmann begr\u00fc\u00dfte die G\u00e4ste auf dem Festplatz.<\/p>\n\n\n\n<p class=\"wp-block-paragraph\">Anschlie\u00dfend sprach die Erntek\u00f6nigin Merle Klanke zu den G\u00e4sten und Umzugsteilnehmern. Sie bedankte sich bei allen Teilnehmern und der Freiwilligen Feuerwehr Nendorf Frestorf f\u00fcr deren Einsatz, ohne den ein solches Erntefest in einer solchen Qualit\u00e4t nicht m\u00f6glich ist.<\/p>\n\n\n\n<p class=\"wp-block-paragraph\">Gegen 16 Uhr wurde dann die Erntekrone auf dem Festzelt aufgeh\u00e4ngt.<a href=\"https:\/\/www.sg-mittelweser.de\/medien\/bilder\/bild2.jpg?20240918135832\"><\/a><\/p>\n\n\n\n<p class=\"wp-block-paragraph\">Bei der Siegerehrung um 18 Uhr belegte der Erntewagen aus der W\u00f6stinge Platz 3 mit einem nachgebauten Schiff, Platz 2 belegten die Frestorfer mit einer Schnecke aus Stroh und Getreide die den Fortschritt beim Radwegebau symbolisierte.<\/p>\n\n\n\n<p class=\"wp-block-paragraph\">Der 1. Preis ging an die \u00d6rtlinger mit dem Thema ganz Nendorf ist voller Mais \u2013 unsere H\u00e4cksler laufen hei\u00df.<\/p>\n\n\n\n<p class=\"wp-block-paragraph\">Die Bewertung der Wagen und Gruppen oblag den Teilnehmern des Umzuges. Diese hatten einen Wertungsbogen, mit dem sie ihre Punkte an die Teilnehmer, au\u00dfer an sich selbst vergeben konnten.<\/p>\n\n\n\n<p class=\"wp-block-paragraph\">Der R\u00fcckblick auf das Festwochenende aus Sicht der Feuerwehr und allen Besuchern ist durchaus positiv.<\/p>\n\n\n\n<p class=\"wp-block-paragraph\">Ein gro\u00dfer Dank geht dabei auch an den Festwirt Guido Rohde und seinem Team f\u00fcr den reibungslosen Ablauf.<\/p>\n\n\n\n<p class=\"wp-block-paragraph\">Schon die Nendorfer Wiesn am Freitag war ein voller Erfolg. Ausgelassene Stimmung und viele Besucher lie\u00dfen es krachen.<\/p>\n\n\n\n<p class=\"wp-block-paragraph\">Der Erntewagenumzug am Sonntag, bei bestem Wetter, mit anschlie\u00dfender Feier auf dem Zelt mit DJ Michael, war ein geb\u00fchrendes Finale.<\/p>\n\n\n\n<figure class=\"wp-block-gallery has-nested-images columns-default is-cropped wp-block-gallery-1 is-layout-flex wp-block-gallery-is-layout-flex\">\n<figure class=\"wp-block-image size-large\"><img data-dominant-color=\"737f4e\" data-has-transparency=\"false\" style=\"--dominant-color: #737f4e;\" loading=\"lazy\" decoding=\"async\" width=\"1024\" height=\"379\" data-id=\"3080\" src=\"https:\/\/ff-nendorf-frestorf.de\/wp-content\/uploads\/2024\/12\/Bild-Entefest-2024-1024x379.webp\" alt=\"Es gab viele sch\u00f6ne Erntewagen mit vielen Details zu bestaunen - Erntefest Nendorf 2024\" class=\"wp-image-3080 not-transparent\" srcset=\"https:\/\/ff-nendorf-frestorf.de\/wp-content\/uploads\/2024\/12\/Bild-Entefest-2024-1024x379.webp 1024w, https:\/\/ff-nendorf-frestorf.de\/wp-content\/uploads\/2024\/12\/Bild-Entefest-2024-300x111.webp 300w, https:\/\/ff-nendorf-frestorf.de\/wp-content\/uploads\/2024\/12\/Bild-Entefest-2024-768x285.webp 768w, https:\/\/ff-nendorf-frestorf.de\/wp-content\/uploads\/2024\/12\/Bild-Entefest-2024-1536x569.webp 1536w, https:\/\/ff-nendorf-frestorf.de\/wp-content\/uploads\/2024\/12\/Bild-Entefest-2024-18x7.webp 18w, https:\/\/ff-nendorf-frestorf.de\/wp-content\/uploads\/2024\/12\/Bild-Entefest-2024-200x74.webp 200w, https:\/\/ff-nendorf-frestorf.de\/wp-content\/uploads\/2024\/12\/Bild-Entefest-2024.webp 1873w\" sizes=\"auto, (max-width: 1024px) 100vw, 1024px\" \/><\/figure>\n\n\n\n<figure class=\"wp-block-image size-large\"><img data-dominant-color=\"747c4c\" data-has-transparency=\"false\" style=\"--dominant-color: #747c4c;\" loading=\"lazy\" decoding=\"async\" width=\"1024\" height=\"576\" data-id=\"3081\" src=\"https:\/\/ff-nendorf-frestorf.de\/wp-content\/uploads\/2024\/12\/Erntefest-2024-2-1024x576.webp\" alt=\"Abschluss des Ernteumzuges am Sportplatz - Erntefest Nendorf 2024\" class=\"wp-image-3081 not-transparent\" srcset=\"https:\/\/ff-nendorf-frestorf.de\/wp-content\/uploads\/2024\/12\/Erntefest-2024-2-1024x576.webp 1024w, https:\/\/ff-nendorf-frestorf.de\/wp-content\/uploads\/2024\/12\/Erntefest-2024-2-300x169.webp 300w, https:\/\/ff-nendorf-frestorf.de\/wp-content\/uploads\/2024\/12\/Erntefest-2024-2-768x432.webp 768w, https:\/\/ff-nendorf-frestorf.de\/wp-content\/uploads\/2024\/12\/Erntefest-2024-2-1536x865.webp 1536w, https:\/\/ff-nendorf-frestorf.de\/wp-content\/uploads\/2024\/12\/Erntefest-2024-2-18x10.webp 18w, https:\/\/ff-nendorf-frestorf.de\/wp-content\/uploads\/2024\/12\/Erntefest-2024-2-200x113.webp 200w, https:\/\/ff-nendorf-frestorf.de\/wp-content\/uploads\/2024\/12\/Erntefest-2024-2.webp 1572w\" sizes=\"auto, (max-width: 1024px) 100vw, 1024px\" \/><\/figure>\n<\/figure>\n\n\n\n<p class=\"wp-block-paragraph\">Quelle: <a href=\"https:\/\/www.sg-mittelweser.de\/portal\/meldungen\/erntefest-mit-grossem-erntewagenkorso-in-nendorf-907017128-21550.html\">Erntefest mit gro\u00dfem Erntewagenkorso in Nendorf | Samtgemeinde Mittelweser<\/a><\/p>","protected":false},"excerpt":{"rendered":"<p>Am vergangenen Sonntag fand erneut der Nendorfer Ernteumzug statt dieser wurde von unseren Kameraden der Ortswehr begleitet. Vielen Dank auch an dieser stelle an die Kameraden der Nachbarwehren aus Hibben, M\u00fcsleringen-Diethe und Huddestorf welche f\u00fcr uns die angrenzenden Stra\u00dfen absicherten. Erntefest mit gro\u00dfem Erntewagenkorso in Nendorf Es waren 19 Wagen und eine Fu\u00dfgruppe die am [&hellip;]<\/p>\n","protected":false},"author":5,"featured_media":3081,"template":"","meta":{"einsatz_weight":1,"footnotes":""},"categories":[23],"tags":[53],"einsatzart":[125],"fahrzeug":[38,37,39],"exteinsatzmittel":[61,107,62,87,88],"alarmierungsart":[111],"evw_unit":[32],"class_list":["post-3078","einsatz","type-einsatz","status-publish","has-post-thumbnail","hentry","category-einsatz","tag-v","einsatzart-sonstige","fahrzeug-mtf","fahrzeug-mtw","fahrzeug-tlf-3000","exteinsatzmittel-feuerwehr-hibben","exteinsatzmittel-feuerwehr-huddestorf","exteinsatzmittel-feuerwehr-muesleringen-diethe","exteinsatzmittel-polizei","exteinsatzmittel-rettungsdienst","alarmierungsart-geplanter-einsatz","evw_unit-alarmgruppe-alle"],"blocksy_meta":[],"aioseo_notices":[],"_links":{"self":[{"href":"https:\/\/ff-nendorf-frestorf.de\/en\/wp-json\/wp\/v2\/einsatz\/3078","targetHints":{"allow":["GET"]}}],"collection":[{"href":"https:\/\/ff-nendorf-frestorf.de\/en\/wp-json\/wp\/v2\/einsatz"}],"about":[{"href":"https:\/\/ff-nendorf-frestorf.de\/en\/wp-json\/wp\/v2\/types\/einsatz"}],"author":[{"embeddable":true,"href":"https:\/\/ff-nendorf-frestorf.de\/en\/wp-json\/wp\/v2\/users\/5"}],"version-history":[{"count":3,"href":"https:\/\/ff-nendorf-frestorf.de\/en\/wp-json\/wp\/v2\/einsatz\/3078\/revisions"}],"predecessor-version":[{"id":3209,"href":"https:\/\/ff-nendorf-frestorf.de\/en\/wp-json\/wp\/v2\/einsatz\/3078\/revisions\/3209"}],"wp:featuredmedia":[{"embeddable":true,"href":"https:\/\/ff-nendorf-frestorf.de\/en\/wp-json\/wp\/v2\/media\/3081"}],"wp:attachment":[{"href":"https:\/\/ff-nendorf-frestorf.de\/en\/wp-json\/wp\/v2\/media?parent=3078"}],"wp:term":[{"taxonomy":"category","embeddable":true,"href":"https:\/\/ff-nendorf-frestorf.de\/en\/wp-json\/wp\/v2\/categories?post=3078"},{"taxonomy":"post_tag","embeddable":true,"href":"https:\/\/ff-nendorf-frestorf.de\/en\/wp-json\/wp\/v2\/tags?post=3078"},{"taxonomy":"einsatzart","embeddable":true,"href":"https:\/\/ff-nendorf-frestorf.de\/en\/wp-json\/wp\/v2\/einsatzart?post=3078"},{"taxonomy":"fahrzeug","embeddable":true,"href":"https:\/\/ff-nendorf-frestorf.de\/en\/wp-json\/wp\/v2\/fahrzeug?post=3078"},{"taxonomy":"exteinsatzmittel","embeddable":true,"href":"https:\/\/ff-nendorf-frestorf.de\/en\/wp-json\/wp\/v2\/exteinsatzmittel?post=3078"},{"taxonomy":"alarmierungsart","embeddable":true,"href":"https:\/\/ff-nendorf-frestorf.de\/en\/wp-json\/wp\/v2\/alarmierungsart?post=3078"},{"taxonomy":"evw_unit","embeddable":true,"href":"https:\/\/ff-nendorf-frestorf.de\/en\/wp-json\/wp\/v2\/evw_unit?post=3078"}],"curies":[{"name":"wp","href":"https:\/\/api.w.org\/{rel}","templated":true}]}}