{"id":2852,"date":"2024-01-09T08:36:00","date_gmt":"2024-01-09T06:36:00","guid":{"rendered":"https:\/\/ff-nendorf-frestorf.de\/?post_type=einsatz&#038;p=2852"},"modified":"2024-05-26T19:34:49","modified_gmt":"2024-05-26T17:34:49","slug":"industriebrand-mittel-2","status":"publish","type":"einsatz","link":"https:\/\/ff-nendorf-frestorf.de\/en\/einsatzberichte\/industriebrand-mittel-2\/","title":{"rendered":"Industriebrand Mittel"},"content":{"rendered":"<p class=\"wp-block-paragraph\">Am Dienstagmorgen gegen 08:36 Uhr wurden wir zu einem Industriebrand Mittel alarmiert. Dort brannte ein Sp\u00e4nebunker in einer \u00f6rtlichen Tischlerei. Nachdem das eigentliche Feuer schnell gel\u00f6scht war, folgte danach die zeit- und personalintensive Aufgabe, diesen zu entleeren.<\/p>\n\n\n\n<hr class=\"wp-block-separator has-alpha-channel-opacity is-style-wide\"\/>\n\n\n\n<p class=\"wp-block-paragraph\"><strong>Etwa zw\u00f6lf Tonnen Brandgut mussten per Hand aus dem Bunker geschaufelt werden<\/strong><\/p>\n\n\n\n<p class=\"wp-block-paragraph\">Ein langwieriger Einsatz ereignete sich am Dienstag in Nendorf. Ein Feuer war aus bislang ungekl\u00e4rter Ursache im Bereich eines Sp\u00e4nebunkers einer Tischlerei ausgebrochen. Glutnester hatten sich in dem Brandgut gebildet.<\/p>\n\n\n\n<p class=\"wp-block-paragraph\">Alarmiert wurden zun\u00e4chst die Feuerwehren Nendorf-Frestorf, Stolzenau, Hibben, M\u00fcsleringen-Diethe, Landesbergen, Liebenau mit der Drehleiter und die Einsatzleitung Ort (ELO) der Samtgemeinde Mittelweser. Einsatzleiter Patrick Windler, stellvertretender Ortsbrandmeister der Feuerwehr Nendorf-Frestorf, schickte umgehend einen Trupp unter Atemschutz in den Heizungsraum des betroffenen Geb\u00e4udes, um dort offene Flammen zu bek\u00e4mpfen. Weiterhin wurde eine Abriegelung zum direkt angrenzenden Wohnhaus aufgebaut. Nachdem das offene Feuer gel\u00f6scht war galt es, den Sp\u00e4nebunker, in dem sich bereits zahlreiche Glutnester gebildet hatten, zu r\u00e4umen. Diese Arbeiten waren \u00e4u\u00dferst zeitaufwendig. Zugang zu den Sp\u00e4nen konnte lediglich durch eine kleine T\u00fcr \u00fcber ein Flachdach eines Anbaus geschaffen werden. Mit Schaufeln und Schubkarren musste der gesamte Bunker, gef\u00fcllt mit etwa 12 Tonnen (ca. 10m\u00b2) Holzsp\u00e4nen, geleert werden. Die Arbeiten in dem Bunker waren auf Grund der Rauch- und Staubentwicklung nur unter schwerem Atemschutz m\u00f6glich. Um die Sp\u00e4ne umgehend entsorgen zu k\u00f6nnen, kamen die Feuerwehr Nienburg und die Feuerwehrtechnische Zentrale (FTZ) des Landkreises mit je einem Wechselladerfahrzeug mit Mulde zum Einsatz. Hierein wurden die Sp\u00e4ne verladen, auf noch vorhandene Glutnester \u00fcberpr\u00fcft und anschlie\u00dfend zum Entsorgungszentrum nach Leese transportiert. F\u00fcr die Bereitstellung weiterer Atemschutzger\u00e4tetr\u00e4ger wurde am Nachmittag auch noch die Feuerwehr Uchte zur Einsatzstelle beordert. Gegen 18 Uhr waren die Arbeiten abgeschlossen, sodass \u201eFeuer aus\u201c gemeldet werden konnte. W\u00e4hrend des etwa neunst\u00fcndigen Einsatzes bei Temperaturen unter dem Gefrierpunkt wurde die Verpflegung mit warmen Getr\u00e4nken und Essen von der Logistikgruppe der Samtgemeindefeuerwehr organisiert. An dem Einsatz beteiligt waren insgesamt etwa 80 Einsatzkr\u00e4fte der Feuerwehr, ein Rettungswagen des DRK und die Polizei. 20 Pressluftatmer wurden verbraucht. Die FTZ tauschte vor Ort die verbrauchten Atemschutzger\u00e4te und Schlauchmaterial, um die Einsatzbereitschaft der Feuerwehren wieder herstellen zu k\u00f6nnen. \u00dcber die Schadenh\u00f6he und die Brandursache k\u00f6nnen feuerwehrseitig keine Angaben gemacht werden.<\/p>\n\n\n\n<p class=\"wp-block-paragraph\"><strong><em>Text: Jan Habe<\/em>rmann, Feuerwehr-Pressesprecher der SG Mittelweser<\/strong><\/p>\n\n\n\n<figure class=\"wp-block-gallery has-nested-images columns-default is-cropped wp-block-gallery-1 is-layout-flex wp-block-gallery-is-layout-flex\">\n<figure class=\"wp-block-image size-large\"><img data-dominant-color=\"657c91\" data-has-transparency=\"false\" style=\"--dominant-color: #657c91;\" loading=\"lazy\" decoding=\"async\" width=\"1024\" height=\"768\" data-id=\"2857\" src=\"https:\/\/ff-nendorf-frestorf.de\/wp-content\/uploads\/2024\/03\/nendorf_20240109_spaenebunker_1-1024x768.webp\" alt=\"Gro\u00dfes Fahrzeugaufgebot vor der Tischlerei. Die Drehleiter musste nicht in den Einsatz gebracht werden\" class=\"wp-image-2857 not-transparent\" srcset=\"https:\/\/ff-nendorf-frestorf.de\/wp-content\/uploads\/2024\/03\/nendorf_20240109_spaenebunker_1-1024x768.webp 1024w, https:\/\/ff-nendorf-frestorf.de\/wp-content\/uploads\/2024\/03\/nendorf_20240109_spaenebunker_1-300x225.webp 300w, https:\/\/ff-nendorf-frestorf.de\/wp-content\/uploads\/2024\/03\/nendorf_20240109_spaenebunker_1-768x576.webp 768w, https:\/\/ff-nendorf-frestorf.de\/wp-content\/uploads\/2024\/03\/nendorf_20240109_spaenebunker_1-1536x1152.webp 1536w, https:\/\/ff-nendorf-frestorf.de\/wp-content\/uploads\/2024\/03\/nendorf_20240109_spaenebunker_1-16x12.webp 16w, https:\/\/ff-nendorf-frestorf.de\/wp-content\/uploads\/2024\/03\/nendorf_20240109_spaenebunker_1-200x150.webp 200w, https:\/\/ff-nendorf-frestorf.de\/wp-content\/uploads\/2024\/03\/nendorf_20240109_spaenebunker_1-jpg.webp 2000w\" sizes=\"auto, (max-width: 1024px) 100vw, 1024px\" \/><figcaption class=\"wp-element-caption\">\u00a9 Uwe Witte, Feuerwehrpressesprecher SG Mittelweser<\/figcaption><\/figure>\n\n\n\n<figure class=\"wp-block-image size-large\"><img data-dominant-color=\"4e4d51\" data-has-transparency=\"false\" style=\"--dominant-color: #4e4d51;\" loading=\"lazy\" decoding=\"async\" width=\"768\" height=\"1024\" data-id=\"2855\" src=\"https:\/\/ff-nendorf-frestorf.de\/wp-content\/uploads\/2024\/03\/nendorf_20240109_spaenebunker_3-768x1024.webp\" alt=\"Zum Teil unter schwerem Atemschutz musste der Bunker mit Schubkarre und Schaufel geleert werden\" class=\"wp-image-2855 not-transparent\" srcset=\"https:\/\/ff-nendorf-frestorf.de\/wp-content\/uploads\/2024\/03\/nendorf_20240109_spaenebunker_3-768x1024.webp 768w, https:\/\/ff-nendorf-frestorf.de\/wp-content\/uploads\/2024\/03\/nendorf_20240109_spaenebunker_3-225x300.webp 225w, https:\/\/ff-nendorf-frestorf.de\/wp-content\/uploads\/2024\/03\/nendorf_20240109_spaenebunker_3-1152x1536.webp 1152w, https:\/\/ff-nendorf-frestorf.de\/wp-content\/uploads\/2024\/03\/nendorf_20240109_spaenebunker_3-1536x2048.webp 1536w, https:\/\/ff-nendorf-frestorf.de\/wp-content\/uploads\/2024\/03\/nendorf_20240109_spaenebunker_3-9x12.webp 9w, https:\/\/ff-nendorf-frestorf.de\/wp-content\/uploads\/2024\/03\/nendorf_20240109_spaenebunker_3-200x267.webp 200w, https:\/\/ff-nendorf-frestorf.de\/wp-content\/uploads\/2024\/03\/nendorf_20240109_spaenebunker_3-scaled.webp 1920w\" sizes=\"auto, (max-width: 768px) 100vw, 768px\" \/><figcaption class=\"wp-element-caption\">\u00a9 Jan Habermann, Feuerwehrpressesprecher SG Mittelweser<\/figcaption><\/figure>\n\n\n\n<figure class=\"wp-block-image size-large\"><img data-dominant-color=\"3f414f\" data-has-transparency=\"false\" style=\"--dominant-color: #3f414f;\" loading=\"lazy\" decoding=\"async\" width=\"768\" height=\"1024\" data-id=\"2854\" src=\"https:\/\/ff-nendorf-frestorf.de\/wp-content\/uploads\/2024\/03\/nendorf_20240109_spaenebunker_4-768x1024.webp\" alt=\"Von Flachdach eines Anbaus wurden die Sp\u00e4ne auf einer Mulde verladen\" class=\"wp-image-2854 not-transparent\" srcset=\"https:\/\/ff-nendorf-frestorf.de\/wp-content\/uploads\/2024\/03\/nendorf_20240109_spaenebunker_4-768x1024.webp 768w, https:\/\/ff-nendorf-frestorf.de\/wp-content\/uploads\/2024\/03\/nendorf_20240109_spaenebunker_4-225x300.webp 225w, https:\/\/ff-nendorf-frestorf.de\/wp-content\/uploads\/2024\/03\/nendorf_20240109_spaenebunker_4-1152x1536.webp 1152w, https:\/\/ff-nendorf-frestorf.de\/wp-content\/uploads\/2024\/03\/nendorf_20240109_spaenebunker_4-1536x2048.webp 1536w, https:\/\/ff-nendorf-frestorf.de\/wp-content\/uploads\/2024\/03\/nendorf_20240109_spaenebunker_4-9x12.webp 9w, https:\/\/ff-nendorf-frestorf.de\/wp-content\/uploads\/2024\/03\/nendorf_20240109_spaenebunker_4-200x267.webp 200w, https:\/\/ff-nendorf-frestorf.de\/wp-content\/uploads\/2024\/03\/nendorf_20240109_spaenebunker_4-scaled.webp 1920w\" sizes=\"auto, (max-width: 768px) 100vw, 768px\" \/><figcaption class=\"wp-element-caption\">\u00a9 Jan Habermann, Feuerwehrpressesprecher SG Mittelweser<\/figcaption><\/figure>\n\n\n\n<figure class=\"wp-block-image size-large\"><img data-dominant-color=\"93848a\" data-has-transparency=\"false\" style=\"--dominant-color: #93848a;\" loading=\"lazy\" decoding=\"async\" width=\"768\" height=\"1024\" data-id=\"2856\" src=\"https:\/\/ff-nendorf-frestorf.de\/wp-content\/uploads\/2024\/03\/nendorf_20240109_spaenebunker_2-768x1024.webp\" alt=\"Fast komplett gef\u00fcllt war der Bunker mit S\u00e4gesp\u00e4nen, hier mit leichter Rauchentwicklung aus dem Inneren\" class=\"wp-image-2856 not-transparent\" srcset=\"https:\/\/ff-nendorf-frestorf.de\/wp-content\/uploads\/2024\/03\/nendorf_20240109_spaenebunker_2-768x1024.webp 768w, https:\/\/ff-nendorf-frestorf.de\/wp-content\/uploads\/2024\/03\/nendorf_20240109_spaenebunker_2-225x300.webp 225w, https:\/\/ff-nendorf-frestorf.de\/wp-content\/uploads\/2024\/03\/nendorf_20240109_spaenebunker_2-1152x1536.webp 1152w, https:\/\/ff-nendorf-frestorf.de\/wp-content\/uploads\/2024\/03\/nendorf_20240109_spaenebunker_2-1536x2048.webp 1536w, https:\/\/ff-nendorf-frestorf.de\/wp-content\/uploads\/2024\/03\/nendorf_20240109_spaenebunker_2-9x12.webp 9w, https:\/\/ff-nendorf-frestorf.de\/wp-content\/uploads\/2024\/03\/nendorf_20240109_spaenebunker_2-200x267.webp 200w, https:\/\/ff-nendorf-frestorf.de\/wp-content\/uploads\/2024\/03\/nendorf_20240109_spaenebunker_2-scaled.webp 1920w\" sizes=\"auto, (max-width: 768px) 100vw, 768px\" \/><figcaption class=\"wp-element-caption\">\u00a9 Jan Habermann, Feuerwehrpressesprecher SG Mittelweser<\/figcaption><\/figure>\n<\/figure>\n\n\n\n<p class=\"wp-block-paragraph\">Offizieller Pressebericht: <a href=\"https:\/\/www.kfv-nienburg.de\/portal\/meldungen\/feuer-in-spaenebunker-beschaeftigt-feuerwehr-den-ganzen-tag-4009-1869.html?rubrik=1002&amp;fbclid=IwAR0OOVWmeKBHB8t_OXgLrf7jT5PkB21x5aN9hqiwRphlPrnSwdKWEnG1jY4\">Feuer in Sp\u00e4nebunker besch\u00e4ftigt Feuerwehr den ganzen Tag | Kreisfeuerwehrverband LK Nienburg\/Weser (kfv-nienburg.de)<\/a><\/p>","protected":false},"excerpt":{"rendered":"<p>m Dienstagmorgen gegen 08:36 Uhr wurden wir zu einem Industriebrand Mittel alarmiert. Dort brannte ein Sp\u00e4nebunker in einer \u00f6rtlichen Tischlerei &#8230;<\/p>","protected":false},"author":5,"featured_media":2857,"template":"","meta":{"einsatz_weight":1,"footnotes":""},"categories":[23],"tags":[25],"einsatzart":[29],"fahrzeug":[40,38,37,122,39],"exteinsatzmittel":[64,78,61,66,62,148,59,101,42,46,63,87,45,88,90,43,44],"alarmierungsart":[33,34],"evw_unit":[32],"class_list":["post-2852","einsatz","type-einsatz","status-publish","has-post-thumbnail","hentry","category-einsatz","tag-einsatz","einsatzart-brand","fahrzeug-hlf-10","fahrzeug-mtf","fahrzeug-mtw","fahrzeug-pkw-ortsbm","fahrzeug-tlf-3000","exteinsatzmittel-dlk-liebenau","exteinsatzmittel-elo-mittelweser","exteinsatzmittel-feuerwehr-hibben","exteinsatzmittel-feuerwehr-landesbergen","exteinsatzmittel-feuerwehr-muesleringen-diethe","exteinsatzmittel-feuerwehr-nienburg","exteinsatzmittel-feuerwehr-stolzenau","exteinsatzmittel-feuerwehr-uchte","exteinsatzmittel-gem-bm","exteinsatzmittel-leiter-elo","exteinsatzmittel-logistikgruppe-mittelweser","exteinsatzmittel-polizei","exteinsatzmittel-presse-fw-mittelweser","exteinsatzmittel-rettungsdienst","exteinsatzmittel-rufdienst-ftz","exteinsatzmittel-stv-gem-bm-ost","exteinsatzmittel-stv-gem-bm-west","alarmierungsart-dme","alarmierungsart-groupalarm","evw_unit-alarmgruppe-alle"],"blocksy_meta":[],"aioseo_notices":[],"_links":{"self":[{"href":"https:\/\/ff-nendorf-frestorf.de\/en\/wp-json\/wp\/v2\/einsatz\/2852","targetHints":{"allow":["GET"]}}],"collection":[{"href":"https:\/\/ff-nendorf-frestorf.de\/en\/wp-json\/wp\/v2\/einsatz"}],"about":[{"href":"https:\/\/ff-nendorf-frestorf.de\/en\/wp-json\/wp\/v2\/types\/einsatz"}],"author":[{"embeddable":true,"href":"https:\/\/ff-nendorf-frestorf.de\/en\/wp-json\/wp\/v2\/users\/5"}],"version-history":[{"count":4,"href":"https:\/\/ff-nendorf-frestorf.de\/en\/wp-json\/wp\/v2\/einsatz\/2852\/revisions"}],"predecessor-version":[{"id":3002,"href":"https:\/\/ff-nendorf-frestorf.de\/en\/wp-json\/wp\/v2\/einsatz\/2852\/revisions\/3002"}],"wp:featuredmedia":[{"embeddable":true,"href":"https:\/\/ff-nendorf-frestorf.de\/en\/wp-json\/wp\/v2\/media\/2857"}],"wp:attachment":[{"href":"https:\/\/ff-nendorf-frestorf.de\/en\/wp-json\/wp\/v2\/media?parent=2852"}],"wp:term":[{"taxonomy":"category","embeddable":true,"href":"https:\/\/ff-nendorf-frestorf.de\/en\/wp-json\/wp\/v2\/categories?post=2852"},{"taxonomy":"post_tag","embeddable":true,"href":"https:\/\/ff-nendorf-frestorf.de\/en\/wp-json\/wp\/v2\/tags?post=2852"},{"taxonomy":"einsatzart","embeddable":true,"href":"https:\/\/ff-nendorf-frestorf.de\/en\/wp-json\/wp\/v2\/einsatzart?post=2852"},{"taxonomy":"fahrzeug","embeddable":true,"href":"https:\/\/ff-nendorf-frestorf.de\/en\/wp-json\/wp\/v2\/fahrzeug?post=2852"},{"taxonomy":"exteinsatzmittel","embeddable":true,"href":"https:\/\/ff-nendorf-frestorf.de\/en\/wp-json\/wp\/v2\/exteinsatzmittel?post=2852"},{"taxonomy":"alarmierungsart","embeddable":true,"href":"https:\/\/ff-nendorf-frestorf.de\/en\/wp-json\/wp\/v2\/alarmierungsart?post=2852"},{"taxonomy":"evw_unit","embeddable":true,"href":"https:\/\/ff-nendorf-frestorf.de\/en\/wp-json\/wp\/v2\/evw_unit?post=2852"}],"curies":[{"name":"wp","href":"https:\/\/api.w.org\/{rel}","templated":true}]}}