{"id":2809,"date":"2023-12-27T18:00:00","date_gmt":"2023-12-27T16:00:00","guid":{"rendered":"https:\/\/ff-nendorf-frestorf.de\/?post_type=einsatz&#038;p=2809"},"modified":"2024-03-28T18:30:16","modified_gmt":"2024-03-28T16:30:16","slug":"hochwasser-2","status":"publish","type":"einsatz","link":"https:\/\/ff-nendorf-frestorf.de\/en\/einsatzberichte\/hochwasser-2\/","title":{"rendered":"Hochwasser"},"content":{"rendered":"<p class=\"wp-block-paragraph\">Erneut unterst\u00fctzen wir bei dem Versuch den Wasserpegel des M\u00fchlteichs im Rahmen des Hochwasser stabil zu halten. Hierbei gingen wir im Schichtbetrieb vor um die Einsatzkr\u00e4fte zu entlasten. Unsere Schichten gingen von 18:00-22:00Uhr, von 22:00-02:00Uhr, von 02:00-06:00Uhr und abschlie\u00dfend von 06:00 bis 10:00Uh. Wir waren in jeder der vier Schichten mit jeweils 6 Kameraden vertreten. Unsere Aufgaben bestanden darin, die Pumpen nachzutanken und uns bei Zwischenf\u00e4llen um die Behebung des Problems zu k\u00fcmmern.<\/p>\n\n\n\n<p class=\"wp-block-paragraph\">Hierbei kam uns sehr unser neuer Anh\u00e4nger zu Gute, in diesem konnten wir Wetter- und Ger\u00e4uschgesch\u00fctzt Pause machen. In diesem Zuge m\u00f6chten wir uns nochmal herzlich bei den Spendern erm\u00f6glichen, die diese Anschaffung erm\u00f6glicht haben.<\/p>\n\n\n\n<div class=\"wp-block-buttons is-layout-flex wp-block-buttons-is-layout-flex\">\n<div class=\"wp-block-button\"><a class=\"wp-block-button__link wp-element-button\" href=\"https:\/\/ff-nendorf-frestorf.de\/en\/einsatzberichte\/hochwasser\/\">Vorheriger Einsatzbericht von der gleichen Einsatzstelle &#8211;><\/a><\/div>\n<\/div>\n\n\n\n<hr class=\"wp-block-separator has-alpha-channel-opacity is-style-wide\"\/>\n\n\n\n<p class=\"wp-block-paragraph\">Kein Bericht der Kreisfeuerwehr vorhanden.<\/p>","protected":false},"excerpt":{"rendered":"<p>Hochwasser: Erneut unterst\u00fctzen wir bei dem Versuch den Wasserpegel des M\u00fchlteichs stabil zu halten. Wir k\u00fcmmerten uns w\u00e4hrend unser Schichten um die Pumpen.<\/p>","protected":false},"author":5,"featured_media":2359,"template":"","meta":{"einsatz_weight":1,"footnotes":""},"categories":[23],"tags":[25],"einsatzart":[125],"fahrzeug":[38,37],"exteinsatzmittel":[59,42,44],"alarmierungsart":[111],"evw_unit":[32],"class_list":["post-2809","einsatz","type-einsatz","status-publish","has-post-thumbnail","hentry","category-einsatz","tag-einsatz","einsatzart-sonstige","fahrzeug-mtf","fahrzeug-mtw","exteinsatzmittel-feuerwehr-stolzenau","exteinsatzmittel-gem-bm","exteinsatzmittel-stv-gem-bm-west","alarmierungsart-geplanter-einsatz","evw_unit-alarmgruppe-alle"],"blocksy_meta":[],"aioseo_notices":[],"_links":{"self":[{"href":"https:\/\/ff-nendorf-frestorf.de\/en\/wp-json\/wp\/v2\/einsatz\/2809","targetHints":{"allow":["GET"]}}],"collection":[{"href":"https:\/\/ff-nendorf-frestorf.de\/en\/wp-json\/wp\/v2\/einsatz"}],"about":[{"href":"https:\/\/ff-nendorf-frestorf.de\/en\/wp-json\/wp\/v2\/types\/einsatz"}],"author":[{"embeddable":true,"href":"https:\/\/ff-nendorf-frestorf.de\/en\/wp-json\/wp\/v2\/users\/5"}],"version-history":[{"count":3,"href":"https:\/\/ff-nendorf-frestorf.de\/en\/wp-json\/wp\/v2\/einsatz\/2809\/revisions"}],"predecessor-version":[{"id":2880,"href":"https:\/\/ff-nendorf-frestorf.de\/en\/wp-json\/wp\/v2\/einsatz\/2809\/revisions\/2880"}],"wp:featuredmedia":[{"embeddable":true,"href":"https:\/\/ff-nendorf-frestorf.de\/en\/wp-json\/wp\/v2\/media\/2359"}],"wp:attachment":[{"href":"https:\/\/ff-nendorf-frestorf.de\/en\/wp-json\/wp\/v2\/media?parent=2809"}],"wp:term":[{"taxonomy":"category","embeddable":true,"href":"https:\/\/ff-nendorf-frestorf.de\/en\/wp-json\/wp\/v2\/categories?post=2809"},{"taxonomy":"post_tag","embeddable":true,"href":"https:\/\/ff-nendorf-frestorf.de\/en\/wp-json\/wp\/v2\/tags?post=2809"},{"taxonomy":"einsatzart","embeddable":true,"href":"https:\/\/ff-nendorf-frestorf.de\/en\/wp-json\/wp\/v2\/einsatzart?post=2809"},{"taxonomy":"fahrzeug","embeddable":true,"href":"https:\/\/ff-nendorf-frestorf.de\/en\/wp-json\/wp\/v2\/fahrzeug?post=2809"},{"taxonomy":"exteinsatzmittel","embeddable":true,"href":"https:\/\/ff-nendorf-frestorf.de\/en\/wp-json\/wp\/v2\/exteinsatzmittel?post=2809"},{"taxonomy":"alarmierungsart","embeddable":true,"href":"https:\/\/ff-nendorf-frestorf.de\/en\/wp-json\/wp\/v2\/alarmierungsart?post=2809"},{"taxonomy":"evw_unit","embeddable":true,"href":"https:\/\/ff-nendorf-frestorf.de\/en\/wp-json\/wp\/v2\/evw_unit?post=2809"}],"curies":[{"name":"wp","href":"https:\/\/api.w.org\/{rel}","templated":true}]}}