{"id":2769,"date":"2023-09-02T14:30:00","date_gmt":"2023-09-02T12:30:00","guid":{"rendered":"https:\/\/ff-nendorf-frestorf.de\/?post_type=einsatz&#038;p=2769"},"modified":"2024-03-28T18:12:04","modified_gmt":"2024-03-28T16:12:04","slug":"kreisbereitschaftsuebung-2023","status":"publish","type":"einsatz","link":"https:\/\/ff-nendorf-frestorf.de\/en\/einsatzberichte\/kreisbereitschaftsuebung-2023\/","title":{"rendered":"Kreisbereitschafts\u00fcbung 2023"},"content":{"rendered":"<p class=\"wp-block-paragraph\">Auch wir haben mit neun Kameraden an der diesj\u00e4hrigen Kreisbereitschafts\u00fcbung teilgenommen. Dort waren wir im Fachzug Technische Hilfeleistung mit unserem HLF 10 eingeteilt und durften uns der Herausforderung einer Not-Dekontamination stellen. <br>Nach dem abgearbeitetem Szenario gingen wir durch die Einsatzstelle und jeder Gruppenf\u00fchrer erkl\u00e4rte seine Vorgehensweise und seine Hintergedanken des ihm eingeteilten Einsatzabschnittes. Alle Kameraden haben viel gelernt und sind somit nun besser gewappnet f\u00fcr den Ernstfall.<\/p>\n\n\n\n<hr class=\"wp-block-separator has-alpha-channel-opacity is-style-wide\"\/>\n\n\n\n<h3 class=\"wp-block-heading\">KREISFEUERWEHRBEREITSCHAFTEN \u00dcBEN IM LANDKREIS L\u00dcNEBURG<\/h3>\n\n\n\n<p class=\"wp-block-paragraph\">02.09.2023 \/ Landkreis<\/p>\n\n\n\n<p class=\"wp-block-paragraph\"><strong>Waldbrandbek\u00e4mpfung und Deichverteidigung werden ge\u00fcbt<\/strong><\/p>\n\n\n\n<p class=\"wp-block-paragraph\"><a href=\"https:\/\/www.kfv-nienburg.de\/medien\/bilder\/dsc07924__1__.jpg?20230904170751\"><\/a>\u00dcber 270&nbsp; Einsatzkr\u00e4ften aus dem Landkreis Nienburg r\u00fcckten am Wochenende mit 60 Fahrzeugen zu ihrer turnusm\u00e4\u00dfigen mehrt\u00e4gigen \u00dcbung aus. Das Ziel war der Landkreis L\u00fcneburg, den Bereitstellungsraum bezogen die Feuerwehrkr\u00e4fte rund um das Feuerwehrhaus in Reinstorf.<\/p>\n\n\n\n<p class=\"wp-block-paragraph\">Den Anfang machten am Freitag die vier Z\u00fcge der Kreisfeuerwehrbereitschaft S\u00fcd, unterst\u00fctzt von weiteren Kr\u00e4ften der Technischen Einsatzleitung, des ABC-Zuges und dem Verpflegungszug Wietzen.<\/p>\n\n\n\n<p class=\"wp-block-paragraph\">Im Vorfeld hatten Kameraden der Kreisbereitschaft L\u00fcneburg zahlreiche Szenarien ausgearbeitet, damit es den M\u00e4nnern und Frauen aus Nienburg an den folgenden Tagen und N\u00e4chten nicht langweilig wurde.<\/p>\n\n\n\n<p class=\"wp-block-paragraph\">Kaum angekommen, lies der erste Einsatz nicht lange auf sich warten. Die Elbe f\u00fchrte seit 10 Tagen Hochwasser, die eingesetzten Kr\u00e4fte waren v\u00f6llig ersch\u00f6pft, die Nienburger Kreisbereitschaften unterst\u00fctzten die Feuerwehr in der Stadt Bleckede. An der gesamten Deichlinie gab es Schadstellen und die Deichlinie musste auf der gesamten L\u00e4nge erh\u00f6ht werden.<\/p>\n\n\n\n<p class=\"wp-block-paragraph\">In einer \u00f6rtlichen Sandkuhle wurde die Bef\u00fcllung der Sands\u00e4cke organisiert. Dabei kamen auch die mitgef\u00fchrten Sandsackabf\u00fcllanlagen und die beiden Teleskoplader der Kreisfeuerwehr zum Einsatz. Auch das Verladen und der Transport an die Einsatzstellen erfolgte mit den eigenen Fahrzeugen.<\/p>\n\n\n\n<p class=\"wp-block-paragraph\">Weitere Einheiten sicherten am Sch\u00fctzenplatz den Deich mit Sands\u00e4cken vor einem Abrutschen. In einem weiteren Einsatzabschnitt wurde die Aufkadung (Erh\u00f6hung) des Deiches und die Sicherung von Schadstellen erkl\u00e4rt und ge\u00fcbt.<\/p>\n\n\n\n<p class=\"wp-block-paragraph\">Nach einer kurzen Nacht war um 8 Uhr die Einsatzbereitschaft wieder herzustellen, und davor das Fr\u00fchst\u00fcck einzunehmen. Bedingt durch eine l\u00e4ngere Hitzeperiode war in den Beetzer Bergen ein gro\u00dfer Waldbrand ausgebrochen, die \u00f6rtlichen Feuerwehren waren alle gebunden und ben\u00f6tigten weitere Hilfe.<\/p>\n\n\n\n<p class=\"wp-block-paragraph\">Es erfolgte eine Aufteilung der vier Z\u00fcge. Aus dem Fluss Neetze wurde eine Wasserentnahme aufgebaut und das L\u00f6schwasser \u00fcber 2000 Meter weit in das Schadensgebiet gepumpt. Mit den wasserf\u00fchrenden Tankl\u00f6schfahrzeugen wurde gleichzeitig ein Pendelverkehr eingerichtet, um weiteres L\u00f6schwasser zum Schadenfeuer zu transportieren. Die Wasserentnahme erfolgte aus L\u00f6schwasserbeh\u00e4ltern. Im Schadengebiet erfolgte die Brandbek\u00e4mpfung mit mehreren Strahlrohren von zwei Seiten.<\/p>\n\n\n\n<p class=\"wp-block-paragraph\">Als sich zus\u00e4tzlich auch noch ein Unfall bei Verladearbeiten im Alt-Garger Hafen ereignete, \u00fcbernahm der Fachzug Technische Hilfe den Einsatz. Dort trat Gefahrgut aus, es wurden Personen vermisst und ein Container drohte ins Hafenbecken zu st\u00fcrzen.<\/p>\n\n\n\n<p class=\"wp-block-paragraph\">Gegen Mittag waren auch die frischen Kr\u00e4fte der Kreisbereitschaft Nord in Reinstorf eingetroffen, um die Kameraden aus dem S\u00fcdkreis abzul\u00f6sen. F\u00fcr die vier Z\u00fcge standen noch einmal die gleichen Einsatzszenarien auf dem Programm. Am Sonntagmittag erfolgte die R\u00fcckfahrt der Bereitschaft in den Landkreis Nienburg.<\/p>\n\n\n\n<p class=\"wp-block-paragraph\"><em><strong>Text: Martin M\u00f6hring Kreisfeuerwehrpressesprecher S\u00fcd<\/strong><\/em><\/p>\n\n\n\n<figure class=\"wp-block-gallery has-nested-images columns-default is-cropped wp-block-gallery-1 is-layout-flex wp-block-gallery-is-layout-flex\">\n<figure class=\"wp-block-image size-large\"><img data-dominant-color=\"706d6c\" data-has-transparency=\"false\" style=\"--dominant-color: #706d6c;\" loading=\"lazy\" decoding=\"async\" width=\"1024\" height=\"646\" data-id=\"2768\" src=\"https:\/\/ff-nendorf-frestorf.de\/wp-content\/uploads\/2024\/01\/Kreisbereitschaft_2023_Sandsaecke_stapeln-1024x646.webp\" alt=\"Abf\u00fcllen und stapeln von Sands\u00e4cken.\" class=\"wp-image-2768 not-transparent\" srcset=\"https:\/\/ff-nendorf-frestorf.de\/wp-content\/uploads\/2024\/01\/Kreisbereitschaft_2023_Sandsaecke_stapeln-1024x646.webp 1024w, https:\/\/ff-nendorf-frestorf.de\/wp-content\/uploads\/2024\/01\/Kreisbereitschaft_2023_Sandsaecke_stapeln-300x189.webp 300w, https:\/\/ff-nendorf-frestorf.de\/wp-content\/uploads\/2024\/01\/Kreisbereitschaft_2023_Sandsaecke_stapeln-768x484.webp 768w, https:\/\/ff-nendorf-frestorf.de\/wp-content\/uploads\/2024\/01\/Kreisbereitschaft_2023_Sandsaecke_stapeln-1536x969.webp 1536w, https:\/\/ff-nendorf-frestorf.de\/wp-content\/uploads\/2024\/01\/Kreisbereitschaft_2023_Sandsaecke_stapeln-2048x1292.webp 2048w, https:\/\/ff-nendorf-frestorf.de\/wp-content\/uploads\/2024\/01\/Kreisbereitschaft_2023_Sandsaecke_stapeln-18x12.webp 18w, https:\/\/ff-nendorf-frestorf.de\/wp-content\/uploads\/2024\/01\/Kreisbereitschaft_2023_Sandsaecke_stapeln-200x126.webp 200w\" sizes=\"auto, (max-width: 1024px) 100vw, 1024px\" \/><\/figure>\n\n\n\n<figure class=\"wp-block-image size-large\"><img data-dominant-color=\"71797a\" data-has-transparency=\"false\" style=\"--dominant-color: #71797a;\" loading=\"lazy\" decoding=\"async\" width=\"1024\" height=\"659\" data-id=\"2767\" src=\"https:\/\/ff-nendorf-frestorf.de\/wp-content\/uploads\/2024\/01\/Kreisbereitschaft_2023_Menschenkette_Sandsaecke-1024x659.webp\" alt=\"Mit Sands\u00e4cken wird der Deich verst\u00e4rkt und gesichert\" class=\"wp-image-2767 not-transparent\" srcset=\"https:\/\/ff-nendorf-frestorf.de\/wp-content\/uploads\/2024\/01\/Kreisbereitschaft_2023_Menschenkette_Sandsaecke-1024x659.webp 1024w, https:\/\/ff-nendorf-frestorf.de\/wp-content\/uploads\/2024\/01\/Kreisbereitschaft_2023_Menschenkette_Sandsaecke-300x193.webp 300w, https:\/\/ff-nendorf-frestorf.de\/wp-content\/uploads\/2024\/01\/Kreisbereitschaft_2023_Menschenkette_Sandsaecke-768x494.webp 768w, https:\/\/ff-nendorf-frestorf.de\/wp-content\/uploads\/2024\/01\/Kreisbereitschaft_2023_Menschenkette_Sandsaecke-1536x989.webp 1536w, https:\/\/ff-nendorf-frestorf.de\/wp-content\/uploads\/2024\/01\/Kreisbereitschaft_2023_Menschenkette_Sandsaecke-2048x1318.webp 2048w, https:\/\/ff-nendorf-frestorf.de\/wp-content\/uploads\/2024\/01\/Kreisbereitschaft_2023_Menschenkette_Sandsaecke-18x12.webp 18w, https:\/\/ff-nendorf-frestorf.de\/wp-content\/uploads\/2024\/01\/Kreisbereitschaft_2023_Menschenkette_Sandsaecke-200x129.webp 200w\" sizes=\"auto, (max-width: 1024px) 100vw, 1024px\" \/><\/figure>\n\n\n\n<figure class=\"wp-block-image size-large\"><img data-dominant-color=\"5d6a49\" data-has-transparency=\"false\" style=\"--dominant-color: #5d6a49;\" loading=\"lazy\" decoding=\"async\" width=\"1024\" height=\"625\" data-id=\"2766\" src=\"https:\/\/ff-nendorf-frestorf.de\/wp-content\/uploads\/2024\/01\/Kreisbereitschaft_2023_Waldbrand_bekaempfung-1024x625.webp\" alt=\"Waldbrandbek\u00e4mpfung mit Wasserf\u00f6rderung \u00fcber lange Wegstrecke.\" class=\"wp-image-2766 not-transparent\" srcset=\"https:\/\/ff-nendorf-frestorf.de\/wp-content\/uploads\/2024\/01\/Kreisbereitschaft_2023_Waldbrand_bekaempfung-1024x625.webp 1024w, https:\/\/ff-nendorf-frestorf.de\/wp-content\/uploads\/2024\/01\/Kreisbereitschaft_2023_Waldbrand_bekaempfung-300x183.webp 300w, https:\/\/ff-nendorf-frestorf.de\/wp-content\/uploads\/2024\/01\/Kreisbereitschaft_2023_Waldbrand_bekaempfung-768x469.webp 768w, https:\/\/ff-nendorf-frestorf.de\/wp-content\/uploads\/2024\/01\/Kreisbereitschaft_2023_Waldbrand_bekaempfung-1536x938.webp 1536w, https:\/\/ff-nendorf-frestorf.de\/wp-content\/uploads\/2024\/01\/Kreisbereitschaft_2023_Waldbrand_bekaempfung-2048x1250.webp 2048w, https:\/\/ff-nendorf-frestorf.de\/wp-content\/uploads\/2024\/01\/Kreisbereitschaft_2023_Waldbrand_bekaempfung-18x12.webp 18w, https:\/\/ff-nendorf-frestorf.de\/wp-content\/uploads\/2024\/01\/Kreisbereitschaft_2023_Waldbrand_bekaempfung-200x122.webp 200w\" sizes=\"auto, (max-width: 1024px) 100vw, 1024px\" \/><\/figure>\n<\/figure>\n\n\n\n<p class=\"wp-block-paragraph\">\u00a9&nbsp;Martin M\u00f6hring, Kreisfeuerwehrpressesprecher-S\u00fcd<\/p>\n\n\n\n<p class=\"wp-block-paragraph\"><strong>Originalbericht:<\/strong><\/p>\n\n\n\n<p class=\"wp-block-paragraph\"><a href=\"https:\/\/www.kfv-nienburg.de\/portal\/meldungen\/kreisfeuerwehrbereitschaften-ueben-im-landkreis-lueneburg-3901-1869.html?rubrik=1002&amp;fbclid=IwAR2J3YzwlJbwVlyEbyfuDpMoUs1sLXxq9vTwJzOWqHfR4OLfqGzvwDfCoi4\">Kreisfeuerwehrbereitschaften \u00fcben im Landkreis L\u00fcneburg | Kreisfeuerwehrverband LK Nienburg\/Weser (kfv-nienburg.de)<\/a><\/p>","protected":false},"excerpt":{"rendered":"<p>Auch wir haben mit neun Kameraden an der diesj\u00e4hrigen Kreisbereitschafts\u00fcbung teilgenommen. Dort waren wir im Fachzug Technische Hilfeleistung mit unserem HLF 10 eingeteilt und durften uns der Herausforderung einer Not-Dekontamination stellen. Nach dem abgearbeitetem Szenario gingen wir durch die Einsatzstelle und jeder Gruppenf\u00fchrer erkl\u00e4rte seine Vorgehensweise und seine Hintergedanken des ihm eingeteilten Einsatzabschnittes. Alle Kameraden [&hellip;]<\/p>\n","protected":false},"author":5,"featured_media":2766,"template":"","meta":{"einsatz_weight":1,"footnotes":""},"categories":[],"tags":[25,56],"einsatzart":[60],"fahrzeug":[40,38],"exteinsatzmittel":[95,139,67,66,82,138,140,141],"alarmierungsart":[111],"evw_unit":[],"class_list":["post-2769","einsatz","type-einsatz","status-publish","has-post-thumbnail","hentry","tag-einsatz","tag-uebung","einsatzart-uebung","fahrzeug-hlf-10","fahrzeug-mtf","exteinsatzmittel-feuerwehr-bad-rehburg","exteinsatzmittel-feuerwehr-bruchagen","exteinsatzmittel-feuerwehr-husum","exteinsatzmittel-feuerwehr-landesbergen","exteinsatzmittel-feuerwehr-leeseringen","exteinsatzmittel-feuerwehr-liebenau","exteinsatzmittel-tel","exteinsatzmittel-versorgungszug-kfv-nienburg-weser","alarmierungsart-geplanter-einsatz"],"blocksy_meta":[],"aioseo_notices":[],"_links":{"self":[{"href":"https:\/\/ff-nendorf-frestorf.de\/en\/wp-json\/wp\/v2\/einsatz\/2769","targetHints":{"allow":["GET"]}}],"collection":[{"href":"https:\/\/ff-nendorf-frestorf.de\/en\/wp-json\/wp\/v2\/einsatz"}],"about":[{"href":"https:\/\/ff-nendorf-frestorf.de\/en\/wp-json\/wp\/v2\/types\/einsatz"}],"author":[{"embeddable":true,"href":"https:\/\/ff-nendorf-frestorf.de\/en\/wp-json\/wp\/v2\/users\/5"}],"version-history":[{"count":4,"href":"https:\/\/ff-nendorf-frestorf.de\/en\/wp-json\/wp\/v2\/einsatz\/2769\/revisions"}],"predecessor-version":[{"id":2788,"href":"https:\/\/ff-nendorf-frestorf.de\/en\/wp-json\/wp\/v2\/einsatz\/2769\/revisions\/2788"}],"wp:featuredmedia":[{"embeddable":true,"href":"https:\/\/ff-nendorf-frestorf.de\/en\/wp-json\/wp\/v2\/media\/2766"}],"wp:attachment":[{"href":"https:\/\/ff-nendorf-frestorf.de\/en\/wp-json\/wp\/v2\/media?parent=2769"}],"wp:term":[{"taxonomy":"category","embeddable":true,"href":"https:\/\/ff-nendorf-frestorf.de\/en\/wp-json\/wp\/v2\/categories?post=2769"},{"taxonomy":"post_tag","embeddable":true,"href":"https:\/\/ff-nendorf-frestorf.de\/en\/wp-json\/wp\/v2\/tags?post=2769"},{"taxonomy":"einsatzart","embeddable":true,"href":"https:\/\/ff-nendorf-frestorf.de\/en\/wp-json\/wp\/v2\/einsatzart?post=2769"},{"taxonomy":"fahrzeug","embeddable":true,"href":"https:\/\/ff-nendorf-frestorf.de\/en\/wp-json\/wp\/v2\/fahrzeug?post=2769"},{"taxonomy":"exteinsatzmittel","embeddable":true,"href":"https:\/\/ff-nendorf-frestorf.de\/en\/wp-json\/wp\/v2\/exteinsatzmittel?post=2769"},{"taxonomy":"alarmierungsart","embeddable":true,"href":"https:\/\/ff-nendorf-frestorf.de\/en\/wp-json\/wp\/v2\/alarmierungsart?post=2769"},{"taxonomy":"evw_unit","embeddable":true,"href":"https:\/\/ff-nendorf-frestorf.de\/en\/wp-json\/wp\/v2\/evw_unit?post=2769"}],"curies":[{"name":"wp","href":"https:\/\/api.w.org\/{rel}","templated":true}]}}